{"id":9898,"date":"2024-09-17T09:43:46","date_gmt":"2024-09-17T07:43:46","guid":{"rendered":"https:\/\/greenict.de\/?page_id=9898"},"modified":"2024-09-17T09:43:47","modified_gmt":"2024-09-17T07:43:47","slug":"rueckblick-gesamtprojekttreffen","status":"publish","type":"page","link":"https:\/\/greenict.de\/en\/rueckblick-gesamtprojekttreffen\/","title":{"rendered":"Review of the project meeting"},"content":{"rendered":"<p><\/p>\n\n\n\n<figure class=\"wp-block-image size-large\"><img loading=\"lazy\" decoding=\"async\" width=\"1024\" height=\"447\" src=\"https:\/\/greenict.de\/wp-content\/uploads\/2024\/09\/konsortium-gesamtprojekttreffen-1024x447.jpg\" alt=\"\" class=\"wp-image-9900\" srcset=\"https:\/\/greenict.de\/wp-content\/uploads\/2024\/09\/konsortium-gesamtprojekttreffen-1024x447.jpg 1024w, https:\/\/greenict.de\/wp-content\/uploads\/2024\/09\/konsortium-gesamtprojekttreffen-300x131.jpg 300w, https:\/\/greenict.de\/wp-content\/uploads\/2024\/09\/konsortium-gesamtprojekttreffen-768x335.jpg 768w, https:\/\/greenict.de\/wp-content\/uploads\/2024\/09\/konsortium-gesamtprojekttreffen-18x8.jpg 18w, https:\/\/greenict.de\/wp-content\/uploads\/2024\/09\/konsortium-gesamtprojekttreffen.jpg 1500w\" sizes=\"auto, (max-width: 1024px) 100vw, 1024px\" \/><\/figure>\n\n\n\n<p>Representatives of the 15 partners of the Green ICT project met in Berlin on July 3 and 4 as part of the overall project meeting 2024.<\/p>\n\n\n\n<p>Das von der Gesch\u00e4ftsstelle der FMD organisierte Projekttreffen hatte das Ziel, einen engen Dialog und den gegenseitigen Austausch zwischen den Partnern zu gew\u00e4hrleisten, bei dem sowohl projekt\u00fcbergreifende Themen im Plenum als auch spezifische Themen der drei Hubs des Kompetenzzentrums Green ICT @ FMD diskutiert wurden<br><br>Die Veranstaltung wurde mit einer Begr\u00fc\u00dfung durch den Gesch\u00e4ftsstellenleiter Dr. Stephan Guttowski er\u00f6ffnet, der die Bedeutung der Arbeit von Expert:innen der FMD-Institute mit der Industrie hervorhob. Dr. Guttowski betonte in seinem Gru\u00dfwort auch die Relevanz, das Weiterbildungsangebot im Rahmen des Green ICT-Projekts weiterhin zu f\u00f6rdern und auszubauen.<br><br>Bei den gemeinsamen Diskussionen standen die folgenden Punkte im Mittelpunkt:<\/p>\n\n\n\n<ul class=\"wp-block-list\">\n<li>Angebote f\u00fcr \u00f6kologisch nachhaltige IKT in den Bereichen Sensor-Edge-Cloud, energiesparende Kommunikationstechnologien und ressourcenoptimierte Mikroelektronikproduktion, z.B. durch kostenneutrale Unterst\u00fctzungsprojekte f\u00fcr \u00d6kobilanzierungen<\/li>\n\n\n\n<li>Stakeholder-Input f\u00fcr den Ausbau der Kernkompetenzen<\/li>\n\n\n\n<li>Entwicklung von Weiterbildungen zu gr\u00fcner IKT, die Grundlagen der \u00f6kologischen Nachhaltigkeit und technische Aspekte vermitteln<\/li>\n\n\n\n<li>Ver\u00f6ffentlichung projektspezifischer Daten zu CO<sub>2<\/sub>-Einsparungen<\/li>\n<\/ul>\n\n\n\n<p>Im Anschluss an die Hauptagenda des Projekttreffens fand am 4. Juli der Hybrid-Workshop zu \u00bb\ud835\udde1\ud835\uddfc\ud835\uddff\ud835\uddfa\ud835\uddf2\ud835\uddfb \ud835\ude02\ud835\uddfb\ud835\uddf1 \ud835\udde6\ud835\ude01\ud835\uddee\ud835\uddfb\ud835\uddf1\ud835\uddee\ud835\uddff\ud835\uddf1\ud835\ude00 \ud835\uddf2\ud835\uddf6\ud835\uddfb\ud835\uddf2\ud835\uddff \ud835\uddff\ud835\uddf2\ud835\ude00\ud835\ude00\ud835\uddfc\ud835\ude02\ud835\uddff\ud835\uddf0\ud835\uddf2\ud835\uddfb\ud835\uddef\ud835\uddf2\ud835\ude04\ud835\ude02\ud835\ude00\ud835\ude00\ud835\ude01\ud835\uddf2\ud835\uddfb \ud835\udddc\ud835\uddde\ud835\udde7\u00ab statt. Der von unserem Experten f\u00fcr Standardisierung Dr. Hans Walter geleitete Workshop legte den Fokus auf die Diskussion, wie wir Normen und Standards nutzen k\u00f6nnen, um Informations- und Kommunikationstechnologien ressourceneffizient und energiesparender zu machen.<\/p>\n\n\n\n<p><\/p>","protected":false},"excerpt":{"rendered":"<p>Im Rahmen des Gesamtprojekttreffens 2024 sind am 3. und 4. Juli Vertreter:innen der 15 Partner des Green ICT Projekts in Berlin zusammengekommen. Das von der Gesch\u00e4ftsstelle der FMD organisierte Projekttreffen hatte das Ziel, einen engen Dialog und den gegenseitigen Austausch&#8230;<\/p>","protected":false},"author":2,"featured_media":0,"parent":0,"menu_order":0,"comment_status":"closed","ping_status":"closed","template":"","meta":{"_acf_changed":false,"footnotes":""},"class_list":["post-9898","page","type-page","status-publish","hentry"],"acf":[],"yoast_head":"<!-- This site is optimized with the Yoast SEO plugin v27.5 - https:\/\/yoast.com\/product\/yoast-seo-wordpress\/ -->\n<title>R\u00fcckblick Gesamtprojekttreffen &#8211; Green ICT<\/title>\n<meta name=\"robots\" content=\"index, follow, max-snippet:-1, max-image-preview:large, max-video-preview:-1\" \/>\n<link rel=\"canonical\" href=\"https:\/\/greenict.de\/en\/rueckblick-gesamtprojekttreffen\/\" \/>\n<script type=\"application\/ld+json\" class=\"yoast-schema-graph\">{\"@context\":\"https:\\\/\\\/schema.org\",\"@graph\":[{\"@type\":\"WebPage\",\"@id\":\"https:\\\/\\\/greenict.de\\\/rueckblick-gesamtprojekttreffen\\\/\",\"url\":\"https:\\\/\\\/greenict.de\\\/rueckblick-gesamtprojekttreffen\\\/\",\"name\":\"R\u00fcckblick Gesamtprojekttreffen &#8211; Green ICT\",\"isPartOf\":{\"@id\":\"https:\\\/\\\/greenict.de\\\/#website\"},\"primaryImageOfPage\":{\"@id\":\"https:\\\/\\\/greenict.de\\\/rueckblick-gesamtprojekttreffen\\\/#primaryimage\"},\"image\":{\"@id\":\"https:\\\/\\\/greenict.de\\\/rueckblick-gesamtprojekttreffen\\\/#primaryimage\"},\"thumbnailUrl\":\"https:\\\/\\\/greenict.de\\\/wp-content\\\/uploads\\\/2024\\\/09\\\/konsortium-gesamtprojekttreffen-1024x447.jpg\",\"datePublished\":\"2024-09-17T07:43:46+00:00\",\"dateModified\":\"2024-09-17T07:43:47+00:00\",\"breadcrumb\":{\"@id\":\"https:\\\/\\\/greenict.de\\\/rueckblick-gesamtprojekttreffen\\\/#breadcrumb\"},\"inLanguage\":\"en-GB\",\"potentialAction\":[{\"@type\":\"ReadAction\",\"target\":[\"https:\\\/\\\/greenict.de\\\/rueckblick-gesamtprojekttreffen\\\/\"]}]},{\"@type\":\"ImageObject\",\"inLanguage\":\"en-GB\",\"@id\":\"https:\\\/\\\/greenict.de\\\/rueckblick-gesamtprojekttreffen\\\/#primaryimage\",\"url\":\"https:\\\/\\\/greenict.de\\\/wp-content\\\/uploads\\\/2024\\\/09\\\/konsortium-gesamtprojekttreffen-1024x447.jpg\",\"contentUrl\":\"https:\\\/\\\/greenict.de\\\/wp-content\\\/uploads\\\/2024\\\/09\\\/konsortium-gesamtprojekttreffen-1024x447.jpg\"},{\"@type\":\"BreadcrumbList\",\"@id\":\"https:\\\/\\\/greenict.de\\\/rueckblick-gesamtprojekttreffen\\\/#breadcrumb\",\"itemListElement\":[{\"@type\":\"ListItem\",\"position\":1,\"name\":\"Startseite\",\"item\":\"https:\\\/\\\/greenict.de\\\/\"},{\"@type\":\"ListItem\",\"position\":2,\"name\":\"R\u00fcckblick Gesamtprojekttreffen\"}]},{\"@type\":\"WebSite\",\"@id\":\"https:\\\/\\\/greenict.de\\\/#website\",\"url\":\"https:\\\/\\\/greenict.de\\\/\",\"name\":\"Green ICT\",\"description\":\"Kompetenzzentrum f\u00fcr eine ressourcenbewusste Informations- und Kommunikationstechnik\",\"publisher\":{\"@id\":\"https:\\\/\\\/greenict.de\\\/#organization\"},\"alternateName\":\"Nachhaltige Mikroelektronik\",\"potentialAction\":[{\"@type\":\"SearchAction\",\"target\":{\"@type\":\"EntryPoint\",\"urlTemplate\":\"https:\\\/\\\/greenict.de\\\/?s={search_term_string}\"},\"query-input\":{\"@type\":\"PropertyValueSpecification\",\"valueRequired\":true,\"valueName\":\"search_term_string\"}}],\"inLanguage\":\"en-GB\"},{\"@type\":\"Organization\",\"@id\":\"https:\\\/\\\/greenict.de\\\/#organization\",\"name\":\"Forschungsfabrik Mikroelektronik Deutschland\",\"alternateName\":\"FMD\",\"url\":\"https:\\\/\\\/greenict.de\\\/\",\"logo\":{\"@type\":\"ImageObject\",\"inLanguage\":\"en-GB\",\"@id\":\"https:\\\/\\\/greenict.de\\\/#\\\/schema\\\/logo\\\/image\\\/\",\"url\":\"https:\\\/\\\/greenict.de\\\/wp-content\\\/uploads\\\/2022\\\/11\\\/FMD-Logo_farbe-50-mm.png\",\"contentUrl\":\"https:\\\/\\\/greenict.de\\\/wp-content\\\/uploads\\\/2022\\\/11\\\/FMD-Logo_farbe-50-mm.png\",\"width\":592,\"height\":135,\"caption\":\"Forschungsfabrik Mikroelektronik Deutschland\"},\"image\":{\"@id\":\"https:\\\/\\\/greenict.de\\\/#\\\/schema\\\/logo\\\/image\\\/\"}}]}<\/script>\n<!-- \/ Yoast SEO plugin. -->","yoast_head_json":{"title":"R\u00fcckblick Gesamtprojekttreffen &#8211; Green ICT","robots":{"index":"index","follow":"follow","max-snippet":"max-snippet:-1","max-image-preview":"max-image-preview:large","max-video-preview":"max-video-preview:-1"},"canonical":"https:\/\/greenict.de\/en\/rueckblick-gesamtprojekttreffen\/","schema":{"@context":"https:\/\/schema.org","@graph":[{"@type":"WebPage","@id":"https:\/\/greenict.de\/rueckblick-gesamtprojekttreffen\/","url":"https:\/\/greenict.de\/rueckblick-gesamtprojekttreffen\/","name":"R\u00fcckblick Gesamtprojekttreffen &#8211; Green ICT","isPartOf":{"@id":"https:\/\/greenict.de\/#website"},"primaryImageOfPage":{"@id":"https:\/\/greenict.de\/rueckblick-gesamtprojekttreffen\/#primaryimage"},"image":{"@id":"https:\/\/greenict.de\/rueckblick-gesamtprojekttreffen\/#primaryimage"},"thumbnailUrl":"https:\/\/greenict.de\/wp-content\/uploads\/2024\/09\/konsortium-gesamtprojekttreffen-1024x447.jpg","datePublished":"2024-09-17T07:43:46+00:00","dateModified":"2024-09-17T07:43:47+00:00","breadcrumb":{"@id":"https:\/\/greenict.de\/rueckblick-gesamtprojekttreffen\/#breadcrumb"},"inLanguage":"en-GB","potentialAction":[{"@type":"ReadAction","target":["https:\/\/greenict.de\/rueckblick-gesamtprojekttreffen\/"]}]},{"@type":"ImageObject","inLanguage":"en-GB","@id":"https:\/\/greenict.de\/rueckblick-gesamtprojekttreffen\/#primaryimage","url":"https:\/\/greenict.de\/wp-content\/uploads\/2024\/09\/konsortium-gesamtprojekttreffen-1024x447.jpg","contentUrl":"https:\/\/greenict.de\/wp-content\/uploads\/2024\/09\/konsortium-gesamtprojekttreffen-1024x447.jpg"},{"@type":"BreadcrumbList","@id":"https:\/\/greenict.de\/rueckblick-gesamtprojekttreffen\/#breadcrumb","itemListElement":[{"@type":"ListItem","position":1,"name":"Startseite","item":"https:\/\/greenict.de\/"},{"@type":"ListItem","position":2,"name":"R\u00fcckblick Gesamtprojekttreffen"}]},{"@type":"WebSite","@id":"https:\/\/greenict.de\/#website","url":"https:\/\/greenict.de\/","name":"Competence center for sustainable IT and communication technology","description":"Competence center for sustainable information and communication technology","publisher":{"@id":"https:\/\/greenict.de\/#organization"},"alternateName":"Nachhaltige Mikroelektronik","potentialAction":[{"@type":"SearchAction","target":{"@type":"EntryPoint","urlTemplate":"https:\/\/greenict.de\/?s={search_term_string}"},"query-input":{"@type":"PropertyValueSpecification","valueRequired":true,"valueName":"search_term_string"}}],"inLanguage":"en-GB"},{"@type":"Organization","@id":"https:\/\/greenict.de\/#organization","name":"Research Fab Microelectronics Germany","alternateName":"FMD","url":"https:\/\/greenict.de\/","logo":{"@type":"ImageObject","inLanguage":"en-GB","@id":"https:\/\/greenict.de\/#\/schema\/logo\/image\/","url":"https:\/\/greenict.de\/wp-content\/uploads\/2022\/11\/FMD-Logo_farbe-50-mm.png","contentUrl":"https:\/\/greenict.de\/wp-content\/uploads\/2022\/11\/FMD-Logo_farbe-50-mm.png","width":592,"height":135,"caption":"Forschungsfabrik Mikroelektronik Deutschland"},"image":{"@id":"https:\/\/greenict.de\/#\/schema\/logo\/image\/"}}]}},"_links":{"self":[{"href":"https:\/\/greenict.de\/en\/wp-json\/wp\/v2\/pages\/9898","targetHints":{"allow":["GET"]}}],"collection":[{"href":"https:\/\/greenict.de\/en\/wp-json\/wp\/v2\/pages"}],"about":[{"href":"https:\/\/greenict.de\/en\/wp-json\/wp\/v2\/types\/page"}],"author":[{"embeddable":true,"href":"https:\/\/greenict.de\/en\/wp-json\/wp\/v2\/users\/2"}],"replies":[{"embeddable":true,"href":"https:\/\/greenict.de\/en\/wp-json\/wp\/v2\/comments?post=9898"}],"version-history":[{"count":4,"href":"https:\/\/greenict.de\/en\/wp-json\/wp\/v2\/pages\/9898\/revisions"}],"predecessor-version":[{"id":9903,"href":"https:\/\/greenict.de\/en\/wp-json\/wp\/v2\/pages\/9898\/revisions\/9903"}],"wp:attachment":[{"href":"https:\/\/greenict.de\/en\/wp-json\/wp\/v2\/media?parent=9898"}],"curies":[{"name":"wp","href":"https:\/\/api.w.org\/{rel}","templated":true}]}}