{"id":8572,"date":"2024-05-24T15:52:14","date_gmt":"2024-05-24T13:52:14","guid":{"rendered":"https:\/\/greenict.de\/?page_id=8572"},"modified":"2024-11-27T09:25:27","modified_gmt":"2024-11-27T08:25:27","slug":"workshop-standards","status":"publish","type":"page","link":"https:\/\/greenict.de\/en\/workshop-standards\/","title":{"rendered":"Workshop zu Standards &amp; Normen einer ressourcenbewussten IKT"},"content":{"rendered":"<p><\/p>\n\n\n\n<p>Zur Erreichung der Klimaziele sind zuverl\u00e4ssige Daten und Methoden erforderlich, um CO<sub>2<\/sub>-Emissionen vergleichbar zu erfassen. Derzeit werden unterschiedliche Normen und Standards verwendet, die jeweils verschiedene Informationen zur CO<sub>2<\/sub>-Bilanz liefern.&nbsp;<\/p>\n\n\n\n<p>Dieser Workshop richtet sich an Unternehmen und Einrichtungen, die ihren Produkt-Carbon-Footprint (PCF) ermitteln oder dies in Zukunft tun m\u00fcssen.&nbsp;<\/p>\n\n\n\n<p>Ziel des Workshops ist es, gemeinsam mit Vertreter:innen aus Gremien, Verb\u00e4nden, der Industrie und Forschungseinrichtungen dieses Thema zu er\u00f6rtern.&nbsp;<\/p>\n\n\n\n<div class=\"wp-block-buttons is-content-justification-center is-layout-flex wp-container-core-buttons-is-layout-16018d1d wp-block-buttons-is-layout-flex\">\n<div class=\"wp-block-button has-custom-width wp-block-button__width-50 has-custom-font-size has-small-font-size\"><a class=\"wp-block-button__link has-white-color has-text-color has-background wp-element-button\" href=\"#anmeldung\" style=\"background-color:#009374\" rel=\"https:\/\/greenict.de\/kontakt\/ noopener\">Direkt zu Anmeldung <\/a><\/div>\n<\/div>\n\n\n\n<p><\/p>\n\n\n\n<p><strong>When?<\/strong><br>Donnerstag, 28. November 2024, 10-16 Uhr&nbsp;<\/p>\n\n\n\n<p><strong>Where?<\/strong><br>Bundesanstalt f\u00fcr Materialforschung und&nbsp; -pr\u00fcfung (BAM)&nbsp;<br>Unter den Eichen 44-46<br>Haus 89, Raum 120&nbsp;<br>12203 Berlin&nbsp;<br><a href=\"https:\/\/maps.app.goo.gl\/yTkXw1hau1Qg2ejk6\" target=\"_blank\" rel=\"noreferrer noopener\">Anreise<\/a><\/p>\n\n\n\n<p><\/p>\n\n\n\n<h2 class=\"wp-block-heading\">Agenda (in German)<\/h2>\n\n\n\n<figure class=\"wp-block-table is-style-regular\"><table><tbody><tr><td class=\"has-text-align-center\" data-align=\"center\">10:00 Uhr <\/td><td><mark style=\"background-color:rgba(0, 0, 0, 0);color:#02a76b\" class=\"has-inline-color\"><strong>Begr\u00fc\u00dfung, Erl\u00e4uterungen zur Agenda, Ziel Der WS <\/strong><\/mark><br>M.Schlegel, H. Walter<\/td><\/tr><tr><td class=\"has-text-align-center\" data-align=\"center\">10:10 Uhr <\/td><td><mark style=\"background-color:rgba(0, 0, 0, 0);color:#02a76b\" class=\"has-inline-color\"><strong>Die Rolle der Normung bei der politischen Entscheidungsfindung (\u00dcberblick)<\/strong> <\/mark><br>M. Schlegel, BAM Berlin Wie sehen die Entwicklungen f\u00fcr die Zukunft aus<\/td><\/tr><tr><td class=\"has-text-align-center\" data-align=\"center\">10:30 Uhr<\/td><td><mark style=\"background-color:rgba(0, 0, 0, 0);color:#02a76b\" class=\"has-inline-color\"><strong>Berichte \u00fcber umweltrelevante Normungsaktivit\u00e4ten in den FMD \u2013 Instituten Projekt GreenICT@FMD<\/strong> <\/mark><br><mark style=\"background-color:rgba(0, 0, 0, 0);color:#02a76b\" class=\"has-inline-color\">Angaben: Emission\/Energieefifzienz\/Ressourcenmanangement <\/mark><br><mark style=\"background-color:rgba(0, 0, 0, 0);color:#02a76b\" class=\"has-inline-color\">Hub 1 &#8211; Sensor-Edge-Cloud -Systeme <\/mark><br><mark style=\"background-color:rgba(0, 0, 0, 0);color:#02a76b\" class=\"has-inline-color\">Hub 2 &#8211; Energiesparende Kommunikationsinfrastruktur <\/mark><br><mark style=\"background-color:rgba(0, 0, 0, 0);color:#02a76b\" class=\"has-inline-color\">Hub 3 &#8211; Ressourcen optimierte Elektronikproduktion<\/mark><\/td><\/tr><tr><td class=\"has-text-align-center\" data-align=\"center\">12:00 Uhr<\/td><td>Mittagspause<\/td><\/tr><tr><td class=\"has-text-align-center\" data-align=\"center\">13:00 Uhr<\/td><td><mark style=\"background-color:rgba(0, 0, 0, 0);color:#02a76b\" class=\"has-inline-color\"><strong>Die Rolle der Normung f\u00fcr die nachhaltigen Entwicklungsziele (SDGs)<\/strong> <\/mark><br>Prof. Knut Blind <br>Deutsches Normungspanel TU-Berlin, DIN; DKE <br><a href=\"https:\/\/www.normungspanel.de\/\">https:\/\/www.normungspanel.de\/<\/a><\/td><\/tr><tr><td class=\"has-text-align-center\" data-align=\"center\">13:30 Uhr<\/td><td><mark style=\"background-color:rgba(0, 0, 0, 0);color:#02a76b\" class=\"has-inline-color\"><strong>PCF-Bilanzierung (Product Carbon Footprint) nach ISO 14067 und deren Verifzierungsm\u00f6glichkeiten <\/strong><\/mark><br>Alexander Tuelp, DIN CERTCO Gesellschaft f\u00fcr Konformit\u00e4tsbewertung mbH, Berlin<\/td><\/tr><tr><td class=\"has-text-align-center\" data-align=\"center\">14:00 Uhr<\/td><td><mark style=\"background-color:rgba(0, 0, 0, 0);color:#02a76b\" class=\"has-inline-color\"><strong>Catena-X \u2013 Rulebook Nachvollziehbare PCF- Berechnungen durch dokumentierte Prozesse<\/strong><\/mark><br>Dr. Ansgar Christ, R.Bosch GmbH, Stuttgart<\/td><\/tr><tr><td class=\"has-text-align-center\" data-align=\"center\">14:30 Uhr<\/td><td><mark style=\"background-color:rgba(0, 0, 0, 0);color:#02a76b\" class=\"has-inline-color\"><strong>Praxisbeispiel aus der Industrie: Schnelle und einfache PCF Berechnung von Elektroniken<\/strong><\/mark><br>Roman Schemmerer, BSH Hausger\u00e4te GmbH,&nbsp;&nbsp;Regensburg<\/td><\/tr><tr><td class=\"has-text-align-center\" data-align=\"center\">14:45 Uhe<\/td><td><mark style=\"background-color:rgba(0, 0, 0, 0);color:#02a76b\" class=\"has-inline-color\"><strong>Ausblick \u2013 Weiterentwicklung des Datenraumes f\u00fcr eine <strong>nachhaltige Halbleiterwertsch\u00f6pfungskette<\/strong> (Semiconductor X)<\/strong><\/mark><br>Dr. Chris Eckstein, Fraunhofer IZM, Berlin<\/td><\/tr><tr><td class=\"has-text-align-center\" data-align=\"center\">15:00 Uhr<\/td><td>Pause<\/td><\/tr><tr><td class=\"has-text-align-center\" data-align=\"center\">15:10 Uhr<\/td><td><mark style=\"background-color:rgba(0, 0, 0, 0);color:#02a76b\" class=\"has-inline-color\"><strong><strong>Vorstellung F\u00f6rderprojekt WIPANO (BMWK)<\/strong><\/strong> <\/mark><br>Wissens- und Technologietransfer durch Patente und Normen<br>Dr. Karsten Goede, Projekttr\u00e4ger J\u00fclich, Berlin<\/td><\/tr><tr><td class=\"has-text-align-center\" data-align=\"center\">15:50 Uhr<\/td><td><strong><mark style=\"background-color:rgba(0, 0, 0, 0);color:#02a76b\" class=\"has-inline-color\">Abschlussdiskussion<\/mark><\/strong><\/td><\/tr><tr><td class=\"has-text-align-center\" data-align=\"center\">16:00 Uhr<\/td><td>Ende der Veranstaltung<\/td><\/tr><\/tbody><\/table><\/figure>\n\n\n\n<p><\/p>\n\n\n\n<h2 class=\"wp-block-heading\" id=\"anmeldung\">Anmeldung<\/h2>\n\n\n\n<div class=\"wp-block-contact-form-7-contact-form-selector\">\n<div class=\"wpcf7 no-js\" id=\"wpcf7-f8571-o1\" lang=\"de-DE\" dir=\"ltr\" data-wpcf7-id=\"8571\">\n<div class=\"screen-reader-response\"><p role=\"status\" aria-live=\"polite\" aria-atomic=\"true\"><\/p> <ul><\/ul><\/div>\n<form action=\"\/en\/wp-json\/wp\/v2\/pages\/8572#wpcf7-f8571-o1\" method=\"post\" class=\"wpcf7-form init\" aria-label=\"Kontaktformular\" novalidate=\"novalidate\" data-status=\"init\" data-trp-original-action=\"\/en\/wp-json\/wp\/v2\/pages\/8572#wpcf7-f8571-o1\">\n<fieldset class=\"hidden-fields-container\"><input type=\"hidden\" name=\"_wpcf7\" value=\"8571\" \/><input type=\"hidden\" name=\"_wpcf7_version\" value=\"6.1.5\" \/><input type=\"hidden\" name=\"_wpcf7_locale\" value=\"de_DE_formal\" \/><input type=\"hidden\" name=\"_wpcf7_unit_tag\" value=\"wpcf7-f8571-o1\" \/><input type=\"hidden\" name=\"_wpcf7_container_post\" value=\"0\" \/><input type=\"hidden\" name=\"_wpcf7_posted_data_hash\" value=\"\" \/><input type=\"hidden\" name=\"_wpcf7_recaptcha_response\" value=\"\" \/>\n<\/fieldset>\n<p><span class=\"wpcf7-form-control-wrap\" data-name=\"your-salutation\"><select class=\"wpcf7-form-control wpcf7-select wpcf7-validates-as-required\" aria-required=\"true\" aria-invalid=\"false\" name=\"your-salutation\"><option value=\"\">Salutation<\/option><option value=\"Frau\">Mrs<\/option><option value=\"Herr\">Mr<\/option><option value=\"Divers\">Divers<\/option><\/select><\/span>\n<\/p>\n<p><span class=\"wpcf7-form-control-wrap\" data-name=\"your-title\"><input size=\"40\" maxlength=\"400\" class=\"wpcf7-form-control wpcf7-text\" aria-invalid=\"false\" placeholder=\"Title\" value=\"\" type=\"text\" name=\"your-title\" \/><\/span>\n<\/p>\n<p><span class=\"wpcf7-form-control-wrap\" data-name=\"your-firstname\"><input size=\"40\" maxlength=\"400\" class=\"wpcf7-form-control wpcf7-text wpcf7-validates-as-required\" aria-required=\"true\" aria-invalid=\"false\" placeholder=\"First name\" value=\"\" type=\"text\" name=\"your-firstname\" \/><\/span>\n<\/p>\n<p><span class=\"wpcf7-form-control-wrap\" data-name=\"your-name\"><input size=\"40\" maxlength=\"400\" class=\"wpcf7-form-control wpcf7-text wpcf7-validates-as-required\" aria-required=\"true\" aria-invalid=\"false\" placeholder=\"Surname\" value=\"\" type=\"text\" name=\"your-name\" \/><\/span>\n<\/p>\n<p><span class=\"wpcf7-form-control-wrap\" data-name=\"your-email\"><input size=\"40\" maxlength=\"400\" class=\"wpcf7-form-control wpcf7-email wpcf7-validates-as-required wpcf7-text wpcf7-validates-as-email\" aria-required=\"true\" aria-invalid=\"false\" placeholder=\"Email\" value=\"\" type=\"email\" name=\"your-email\" \/><\/span>\n<\/p>\n<p><span class=\"wpcf7-form-control-wrap\" data-name=\"your-institution\"><input size=\"40\" maxlength=\"400\" class=\"wpcf7-form-control wpcf7-text wpcf7-validates-as-required\" aria-required=\"true\" aria-invalid=\"false\" placeholder=\"Institution\" value=\"\" type=\"text\" name=\"your-institution\" \/><\/span>\n<\/p>\n<p><span class=\"wpcf7-form-control-wrap\" data-name=\"your-position\"><input size=\"40\" maxlength=\"400\" class=\"wpcf7-form-control wpcf7-text wpcf7-validates-as-required\" aria-required=\"true\" aria-invalid=\"false\" placeholder=\"Position\" value=\"\" type=\"text\" name=\"your-position\" \/><\/span>\n<\/p>\n<p><span class=\"wpcf7-form-control-wrap\" data-name=\"message\"><textarea cols=\"80\" rows=\"3\" maxlength=\"2000\" class=\"wpcf7-form-control wpcf7-textarea\" aria-invalid=\"false\" placeholder=\"Optional: Nachricht\" name=\"message\"><\/textarea><\/span>\n<\/p>\n<label1>Wie nehmen Sie teil?\n<\/label1>\n<p><span class=\"wpcf7-form-control-wrap\" data-name=\"beitrag\"><span class=\"wpcf7-form-control wpcf7-checkbox\"><span class=\"wpcf7-list-item first\"><input type=\"checkbox\" name=\"beitrag[]\" value=\"Online\" \/><span class=\"wpcf7-list-item-label\">Online<\/span><\/span><span class=\"wpcf7-list-item last\"><input type=\"checkbox\" name=\"beitrag[]\" value=\"Pr\u00e4senz\" \/><span class=\"wpcf7-list-item-label\">Pr\u00e4senz<\/span><\/span><\/span><\/span>\n<\/p>\n<label1>Durch die Anmeldung erkl\u00e4ren Sie sich einverstanden damit, dass Ihre Daten zum Zweck der Veranstaltungsorganisation gespeichert werden.\n<\/label1>\n<p><input class=\"wpcf7-form-control wpcf7-submit has-spinner\" type=\"submit\" value=\"Submit\" \/>\n<\/p><div class=\"wpcf7-response-output\" aria-hidden=\"true\"><\/div>\n<input type=\"hidden\" name=\"trp-form-language\" value=\"en\"\/><\/form>\n<\/div>\n<\/div>\n\n\n\n<p><\/p>\n\n\n\n<p>F\u00fcr Fragen und R\u00fcckmeldungen: <br>Hans.walter@mikroelektronik.fraunhofer.de <br>Lotta.adu@mikroelektronik.fraunhofer.de<\/p>\n\n\n\n<p><\/p>","protected":false},"excerpt":{"rendered":"<p>Zur Erreichung der Klimaziele sind zuverl\u00e4ssige Daten und Methoden erforderlich, um CO2-Emissionen vergleichbar zu erfassen. Derzeit werden unterschiedliche Normen und Standards verwendet, die jeweils verschiedene Informationen zur CO2-Bilanz liefern.&nbsp; Dieser Workshop richtet sich an Unternehmen und Einrichtungen, die ihren Produkt-Carbon-Footprint&#8230;<\/p>","protected":false},"author":2,"featured_media":0,"parent":0,"menu_order":0,"comment_status":"closed","ping_status":"closed","template":"","meta":{"_acf_changed":false,"footnotes":""},"class_list":["post-8572","page","type-page","status-publish","hentry"],"acf":[],"yoast_head":"<!-- This site is optimized with the Yoast SEO plugin v27.5 - https:\/\/yoast.com\/product\/yoast-seo-wordpress\/ -->\n<title>Anmeldung f\u00fcr Workshop zu Standards &amp; Normen<\/title>\n<meta name=\"description\" content=\"Jetzt anmelden und mehr \u00fcber die Standards und Normen nachhaltiger Kommunikations- und Informationstechnik erfahren!\" \/>\n<meta name=\"robots\" content=\"index, follow, max-snippet:-1, max-image-preview:large, max-video-preview:-1\" \/>\n<link rel=\"canonical\" href=\"https:\/\/greenict.de\/en\/workshop-standards\/\" \/>\n<script type=\"application\/ld+json\" class=\"yoast-schema-graph\">{\"@context\":\"https:\\\/\\\/schema.org\",\"@graph\":[{\"@type\":\"WebPage\",\"@id\":\"https:\\\/\\\/greenict.de\\\/workshop-standards\\\/\",\"url\":\"https:\\\/\\\/greenict.de\\\/workshop-standards\\\/\",\"name\":\"Anmeldung f\u00fcr Workshop zu Standards & Normen\",\"isPartOf\":{\"@id\":\"https:\\\/\\\/greenict.de\\\/#website\"},\"datePublished\":\"2024-05-24T13:52:14+00:00\",\"dateModified\":\"2024-11-27T08:25:27+00:00\",\"description\":\"Jetzt anmelden und mehr \u00fcber die Standards und Normen nachhaltiger Kommunikations- und Informationstechnik erfahren!\",\"breadcrumb\":{\"@id\":\"https:\\\/\\\/greenict.de\\\/workshop-standards\\\/#breadcrumb\"},\"inLanguage\":\"en-GB\",\"potentialAction\":[{\"@type\":\"ReadAction\",\"target\":[\"https:\\\/\\\/greenict.de\\\/workshop-standards\\\/\"]}]},{\"@type\":\"BreadcrumbList\",\"@id\":\"https:\\\/\\\/greenict.de\\\/workshop-standards\\\/#breadcrumb\",\"itemListElement\":[{\"@type\":\"ListItem\",\"position\":1,\"name\":\"Startseite\",\"item\":\"https:\\\/\\\/greenict.de\\\/\"},{\"@type\":\"ListItem\",\"position\":2,\"name\":\"Workshop zu Standards &amp; Normen einer ressourcenbewussten IKT\"}]},{\"@type\":\"WebSite\",\"@id\":\"https:\\\/\\\/greenict.de\\\/#website\",\"url\":\"https:\\\/\\\/greenict.de\\\/\",\"name\":\"Green ICT\",\"description\":\"Kompetenzzentrum f\u00fcr eine ressourcenbewusste Informations- und Kommunikationstechnik\",\"publisher\":{\"@id\":\"https:\\\/\\\/greenict.de\\\/#organization\"},\"alternateName\":\"Nachhaltige Mikroelektronik\",\"potentialAction\":[{\"@type\":\"SearchAction\",\"target\":{\"@type\":\"EntryPoint\",\"urlTemplate\":\"https:\\\/\\\/greenict.de\\\/?s={search_term_string}\"},\"query-input\":{\"@type\":\"PropertyValueSpecification\",\"valueRequired\":true,\"valueName\":\"search_term_string\"}}],\"inLanguage\":\"en-GB\"},{\"@type\":\"Organization\",\"@id\":\"https:\\\/\\\/greenict.de\\\/#organization\",\"name\":\"Forschungsfabrik Mikroelektronik Deutschland\",\"alternateName\":\"FMD\",\"url\":\"https:\\\/\\\/greenict.de\\\/\",\"logo\":{\"@type\":\"ImageObject\",\"inLanguage\":\"en-GB\",\"@id\":\"https:\\\/\\\/greenict.de\\\/#\\\/schema\\\/logo\\\/image\\\/\",\"url\":\"https:\\\/\\\/greenict.de\\\/wp-content\\\/uploads\\\/2022\\\/11\\\/FMD-Logo_farbe-50-mm.png\",\"contentUrl\":\"https:\\\/\\\/greenict.de\\\/wp-content\\\/uploads\\\/2022\\\/11\\\/FMD-Logo_farbe-50-mm.png\",\"width\":592,\"height\":135,\"caption\":\"Forschungsfabrik Mikroelektronik Deutschland\"},\"image\":{\"@id\":\"https:\\\/\\\/greenict.de\\\/#\\\/schema\\\/logo\\\/image\\\/\"}}]}<\/script>\n<!-- \/ Yoast SEO plugin. -->","yoast_head_json":{"title":"Registration for workshop on standards &amp; norms","description":"Register now and learn more about the standards and norms of sustainable communication and information technology!","robots":{"index":"index","follow":"follow","max-snippet":"max-snippet:-1","max-image-preview":"max-image-preview:large","max-video-preview":"max-video-preview:-1"},"canonical":"https:\/\/greenict.de\/en\/workshop-standards\/","schema":{"@context":"https:\/\/schema.org","@graph":[{"@type":"WebPage","@id":"https:\/\/greenict.de\/workshop-standards\/","url":"https:\/\/greenict.de\/workshop-standards\/","name":"Registration for workshop on standards &amp; norms","isPartOf":{"@id":"https:\/\/greenict.de\/#website"},"datePublished":"2024-05-24T13:52:14+00:00","dateModified":"2024-11-27T08:25:27+00:00","description":"Register now and learn more about the standards and norms of sustainable communication and information technology!","breadcrumb":{"@id":"https:\/\/greenict.de\/workshop-standards\/#breadcrumb"},"inLanguage":"en-GB","potentialAction":[{"@type":"ReadAction","target":["https:\/\/greenict.de\/workshop-standards\/"]}]},{"@type":"BreadcrumbList","@id":"https:\/\/greenict.de\/workshop-standards\/#breadcrumb","itemListElement":[{"@type":"ListItem","position":1,"name":"Startseite","item":"https:\/\/greenict.de\/"},{"@type":"ListItem","position":2,"name":"Workshop zu Standards &amp; Normen einer ressourcenbewussten IKT"}]},{"@type":"WebSite","@id":"https:\/\/greenict.de\/#website","url":"https:\/\/greenict.de\/","name":"Competence center for sustainable IT and communication technology","description":"Competence center for sustainable information and communication technology","publisher":{"@id":"https:\/\/greenict.de\/#organization"},"alternateName":"Nachhaltige Mikroelektronik","potentialAction":[{"@type":"SearchAction","target":{"@type":"EntryPoint","urlTemplate":"https:\/\/greenict.de\/?s={search_term_string}"},"query-input":{"@type":"PropertyValueSpecification","valueRequired":true,"valueName":"search_term_string"}}],"inLanguage":"en-GB"},{"@type":"Organization","@id":"https:\/\/greenict.de\/#organization","name":"Research Fab Microelectronics Germany","alternateName":"FMD","url":"https:\/\/greenict.de\/","logo":{"@type":"ImageObject","inLanguage":"en-GB","@id":"https:\/\/greenict.de\/#\/schema\/logo\/image\/","url":"https:\/\/greenict.de\/wp-content\/uploads\/2022\/11\/FMD-Logo_farbe-50-mm.png","contentUrl":"https:\/\/greenict.de\/wp-content\/uploads\/2022\/11\/FMD-Logo_farbe-50-mm.png","width":592,"height":135,"caption":"Forschungsfabrik Mikroelektronik Deutschland"},"image":{"@id":"https:\/\/greenict.de\/#\/schema\/logo\/image\/"}}]}},"_links":{"self":[{"href":"https:\/\/greenict.de\/en\/wp-json\/wp\/v2\/pages\/8572","targetHints":{"allow":["GET"]}}],"collection":[{"href":"https:\/\/greenict.de\/en\/wp-json\/wp\/v2\/pages"}],"about":[{"href":"https:\/\/greenict.de\/en\/wp-json\/wp\/v2\/types\/page"}],"author":[{"embeddable":true,"href":"https:\/\/greenict.de\/en\/wp-json\/wp\/v2\/users\/2"}],"replies":[{"embeddable":true,"href":"https:\/\/greenict.de\/en\/wp-json\/wp\/v2\/comments?post=8572"}],"version-history":[{"count":48,"href":"https:\/\/greenict.de\/en\/wp-json\/wp\/v2\/pages\/8572\/revisions"}],"predecessor-version":[{"id":10797,"href":"https:\/\/greenict.de\/en\/wp-json\/wp\/v2\/pages\/8572\/revisions\/10797"}],"wp:attachment":[{"href":"https:\/\/greenict.de\/en\/wp-json\/wp\/v2\/media?parent=8572"}],"curies":[{"name":"wp","href":"https:\/\/api.w.org\/{rel}","templated":true}]}}