{"id":7207,"date":"2024-02-19T15:13:52","date_gmt":"2024-02-19T14:13:52","guid":{"rendered":"https:\/\/greenict.de\/?page_id=7207"},"modified":"2025-07-18T12:39:46","modified_gmt":"2025-07-18T10:39:46","slug":"interviews","status":"publish","type":"page","link":"https:\/\/greenict.de\/en\/interviews\/","title":{"rendered":"Interviews"},"content":{"rendered":"<p><\/p>\n\n\n\n<p>In various formats, our experts report on the relevance of green microelectronics, the funding projects within Green ICT @ FMD, and other opportunities for cooperation:<\/p>\n\n\n\n<div class=\"wp-block-media-text is-stacked-on-mobile is-vertically-aligned-top\" style=\"grid-template-columns:30% auto\"><figure class=\"wp-block-media-text__media\"><a href=\"https:\/\/open.spotify.com\/episode\/0bXn1E19fSgKZQ9wGAY4dC\"><img loading=\"lazy\" decoding=\"async\" width=\"226\" height=\"220\" src=\"https:\/\/greenict.de\/wp-content\/uploads\/2025\/07\/chip-happens.png\" alt=\"\" class=\"wp-image-13118 size-full\" srcset=\"https:\/\/greenict.de\/wp-content\/uploads\/2025\/07\/chip-happens.png 226w, https:\/\/greenict.de\/wp-content\/uploads\/2025\/07\/chip-happens-12x12.png 12w\" sizes=\"auto, (max-width: 226px) 100vw, 226px\" \/><\/a><\/figure><div class=\"wp-block-media-text__content\">\n<h4 class=\"wp-block-heading\">Podcast \u00bbChip Happens\u00ab<\/h4>\n\n\n\n<p>Sven Oswald spricht mit Lutz Stobbe vom Fraunhofer IZM \u00fcber den massiven Energieverbrauch der IKT-Branche und die Ziele von Green ICT: Energie- und Ressourceneffizienz, Kreislaufwirtschaft und l\u00e4ngere Produktlebensdauern. Au\u00dferdem erkl\u00e4rt Marco Kircher vom Fraunhofer IPMS, wie Mikrochips \u00fcberhaupt entstehen und warum die Herstellung in Reinr\u00e4umen so extrem energie- und ressourcenintensiv ist. Erfahrt, welche L\u00f6sungsans\u00e4tze es bereits gibt undwarum wir alle unseren digitalen Fu\u00dfabdruck reduzieren sollten!<br><a href=\"https:\/\/open.spotify.com\/episode\/0bXn1E19fSgKZQ9wGAY4dC\" target=\"_blank\" rel=\"noreferrer noopener\">Interview<\/a><\/p>\n<\/div><\/div>\n\n\n\n<div class=\"wp-block-media-text is-stacked-on-mobile has-background\" style=\"background-color:#f1f8f7;grid-template-columns:30% auto\"><figure class=\"wp-block-media-text__media\"><a href=\"https:\/\/www.eco.de\/news\/eco-podcast-zur-un-klimakonferenz\/\"><img loading=\"lazy\" decoding=\"async\" width=\"1000\" height=\"777\" src=\"https:\/\/greenict.de\/wp-content\/uploads\/2023\/12\/stephan-guttoswki-fmd.jpg\" alt=\"Portraitaufnahme Stephan Guttowksi\" class=\"wp-image-5799 size-full\" srcset=\"https:\/\/greenict.de\/wp-content\/uploads\/2023\/12\/stephan-guttoswki-fmd.jpg 1000w, https:\/\/greenict.de\/wp-content\/uploads\/2023\/12\/stephan-guttoswki-fmd-300x233.jpg 300w, https:\/\/greenict.de\/wp-content\/uploads\/2023\/12\/stephan-guttoswki-fmd-768x597.jpg 768w, https:\/\/greenict.de\/wp-content\/uploads\/2023\/12\/stephan-guttoswki-fmd-15x12.jpg 15w\" sizes=\"auto, (max-width: 1000px) 100vw, 1000px\" \/><\/a><\/figure><div class=\"wp-block-media-text__content\">\n<h4 class=\"wp-block-heading\">Digitalization as a green lever for sustainability<\/h4>\n\n\n\n<p>Dr.-Ing. Stephan Guttowski<br>FMD Business Office Manager<br>Interview with eco Podcast on the UN Climate Change Conference (German)<br><a href=\"https:\/\/www.eco.de\/news\/eco-podcast-zur-un-klimakonferenz\/\" target=\"_blank\" rel=\"noreferrer noopener\">Podcast episode<\/a><\/p>\n<\/div><\/div>\n\n\n\n<div class=\"wp-block-media-text is-stacked-on-mobile\" style=\"grid-template-columns:30% auto\"><figure class=\"wp-block-media-text__media\"><a href=\"https:\/\/greenict.de\/wp-content\/uploads\/2023\/11\/Interview-daniela-huebler-MUT2343D-35-37.pdf\"><img loading=\"lazy\" decoding=\"async\" width=\"584\" height=\"490\" src=\"https:\/\/greenict.de\/wp-content\/uploads\/2023\/11\/daniela-huebler-fmd-interview.jpg\" alt=\"Portraitaufnahme Dr. Daniela H\u00fcbler\" class=\"wp-image-5172 size-full\" srcset=\"https:\/\/greenict.de\/wp-content\/uploads\/2023\/11\/daniela-huebler-fmd-interview.jpg 584w, https:\/\/greenict.de\/wp-content\/uploads\/2023\/11\/daniela-huebler-fmd-interview-300x252.jpg 300w, https:\/\/greenict.de\/wp-content\/uploads\/2023\/11\/daniela-huebler-fmd-interview-14x12.jpg 14w\" sizes=\"auto, (max-width: 584px) 100vw, 584px\" \/><\/a><\/figure><div class=\"wp-block-media-text__content\">\n<h4 class=\"wp-block-heading\">Ideas for the technologies of tomorrow: the Green ICT Space<\/h4>\n\n\n\n<p>Dr. Daniela H\u00fcbler (FMD)<br>Innovation Manager<br>In an interview with Markt&amp;Technik (November 2023, German). <br><a href=\"https:\/\/greenict.de\/wp-content\/uploads\/2023\/11\/Interview-daniela-huebler-MUT2343D-35-37.pdf\" target=\"_blank\" rel=\"noreferrer noopener\">Interview<\/a><\/p>\n<\/div><\/div>\n\n\n\n<div style=\"height:10px\" aria-hidden=\"true\" class=\"wp-block-spacer\"><\/div>\n\n\n\n<div class=\"wp-block-media-text is-stacked-on-mobile has-background\" style=\"background-color:#f1f8f7;grid-template-columns:30% auto\"><figure class=\"wp-block-media-text__media\"><a href=\"https:\/\/blog.izm.fraunhofer.de\/de\/wie-koennen-digitale-technologien-gruner-werden\/\"><img loading=\"lazy\" decoding=\"async\" width=\"320\" height=\"213\" src=\"https:\/\/greenict.de\/wp-content\/uploads\/2024\/01\/nils-nissen-izm.jpg\" alt=\"Portraitaufnahme Dr. Nils Nissen\" class=\"wp-image-6194 size-full\" srcset=\"https:\/\/greenict.de\/wp-content\/uploads\/2024\/01\/nils-nissen-izm.jpg 320w, https:\/\/greenict.de\/wp-content\/uploads\/2024\/01\/nils-nissen-izm-300x200.jpg 300w, https:\/\/greenict.de\/wp-content\/uploads\/2024\/01\/nils-nissen-izm-18x12.jpg 18w\" sizes=\"auto, (max-width: 320px) 100vw, 320px\" \/><\/a><\/figure><div class=\"wp-block-media-text__content\">\n<h4 class=\"wp-block-heading\">Sustainable electronics made in Germany: The Green ICT Competence Center<\/h4>\n\n\n\n<p class=\"translation-block\">Dr. Nils F. Nissen (Fraunhofer IZM)<br>In an interview with <em>Real<\/em>IZM (May 2024).<br> <a href=\"https:\/\/blog.izm.fraunhofer.de\/sustainable-electronics-made-in-germany\/\/\" data-wpel-link=\"external\" rel=\"external noopener noreferrer\" class=\"wpel-icon-right\" target=\"_self\">To the <em>Real<\/em>IZM interview<span class=\"wpel-icon wpel-image wpel-icon-6\"><\/span><\/a><\/p>\n<\/div><\/div>\n\n\n\n<div style=\"height:10px\" aria-hidden=\"true\" class=\"wp-block-spacer\"><\/div>\n\n\n\n<div class=\"wp-block-media-text is-stacked-on-mobile\" style=\"grid-template-columns:30% auto\"><figure class=\"wp-block-media-text__media\"><a href=\"https:\/\/greenict.de\/en\/interview-manuel-thesen\/\" target=\"_blank\" rel=\"noreferrer noopener\"><img loading=\"lazy\" decoding=\"async\" width=\"600\" height=\"533\" src=\"https:\/\/greenict.de\/wp-content\/uploads\/2023\/10\/manuel-thesen-fmd-interview.jpg\" alt=\"Portraitaufnahme Dr. Manuel Thesen\" class=\"wp-image-4405 size-full\" srcset=\"https:\/\/greenict.de\/wp-content\/uploads\/2023\/10\/manuel-thesen-fmd-interview.jpg 600w, https:\/\/greenict.de\/wp-content\/uploads\/2023\/10\/manuel-thesen-fmd-interview-300x267.jpg 300w, https:\/\/greenict.de\/wp-content\/uploads\/2023\/10\/manuel-thesen-fmd-interview-14x12.jpg 14w\" sizes=\"auto, (max-width: 600px) 100vw, 600px\" \/><\/a><\/figure><div class=\"wp-block-media-text__content\">\n<h4 class=\"wp-block-heading\">Reducing the carbon footprint of digital technologies with microelectronic research and development<\/h4>\n\n\n\n<p>Dr. Manuel Thesen (FMD)<br>Project Manager<br>In an interview with the Fraunhofer ICT Group (May 2023). <br><a href=\"https:\/\/greenict.de\/en\/interview-manuel-thesen\/\">Interview<\/a><\/p>\n<\/div><\/div>\n\n\n\n<div style=\"height:10px\" aria-hidden=\"true\" class=\"wp-block-spacer\"><\/div>\n\n\n\n<div class=\"wp-block-media-text is-stacked-on-mobile has-background\" style=\"background-color:#f1f8f7;grid-template-columns:30% auto\"><figure class=\"wp-block-media-text__media\"><a href=\"https:\/\/blog.izm.fraunhofer.de\/de\/wie-koennen-digitale-technologien-gruner-werden\/\"><img loading=\"lazy\" decoding=\"async\" width=\"600\" height=\"539\" src=\"https:\/\/greenict.de\/wp-content\/uploads\/2023\/05\/lutz-stobbe-green-ict.jpg\" alt=\"Portraitaufnahme Dr. Lutz Stobbe\" class=\"wp-image-3115 size-full\" srcset=\"https:\/\/greenict.de\/wp-content\/uploads\/2023\/05\/lutz-stobbe-green-ict.jpg 600w, https:\/\/greenict.de\/wp-content\/uploads\/2023\/05\/lutz-stobbe-green-ict-300x270.jpg 300w\" sizes=\"auto, (max-width: 600px) 100vw, 600px\" \/><\/a><\/figure><div class=\"wp-block-media-text__content\">\n<h4 class=\"wp-block-heading\">ICT: How can digital technologies become greener?<\/h4>\n\n\n\n<p class=\"translation-block\">Dr. phil. Lutz Stobbe (Fraunhofer IZM)<br>In an interview with <em>Real<\/em>IZM (March 2023).<br> <a href=\"https:\/\/blog.izm.fraunhofer.de\/how-can-digital-technologies-become-greener\/\" data-wpel-link=\"external\" rel=\"external noopener noreferrer\" class=\"wpel-icon-right\" target=\"_self\">To the <em>Real<\/em>IZM interview<span class=\"wpel-icon wpel-image wpel-icon-6\"><\/span><\/a><\/p>\n<\/div><\/div>\n\n\n\n<h2 class=\"wp-block-heading\" style=\"font-style:normal;font-weight:300\">Green ICT employees in video interviews<\/h2>\n\n\n\n<figure class=\"wp-block-embed is-type-video is-provider-youtube wp-block-embed-youtube wp-embed-aspect-16-9 wp-has-aspect-ratio\"><div class=\"wp-block-embed__wrapper\">\n<div class=\"embed-responsive embed-responsive-16by9\"><iframe title=\"Dr. Mathilde Billaud und Dr. Nils F. Nissen \u00fcber ressourceneffiziente Mikroelektronik\" src=\"https:\/\/www.youtube.com\/embed\/DAh68fyPtqA?feature=oembed\" frameborder=\"0\" allow=\"accelerometer; autoplay; clipboard-write; encrypted-media; gyroscope; picture-in-picture; web-share\" referrerpolicy=\"strict-origin-when-cross-origin\" allowfullscreen><\/iframe><\/div>\n<\/div><figcaption class=\"wp-element-caption\">Dr. Mathilde Billaud and Dr. Nils F. Nissen (both Fraunhofer IZM) in an interview with <a href=\"https:\/\/www.youtube.com\/watch?v=DAh68fyPtqA&amp;t=1s\" target=\"_blank\" rel=\"noreferrer noopener\">FMD.impuls<\/a><\/figcaption><\/figure>\n\n\n\n<p><\/p>\n\n\n\n<figure class=\"wp-block-embed is-type-video is-provider-youtube wp-block-embed-youtube wp-embed-aspect-16-9 wp-has-aspect-ratio\"><div class=\"wp-block-embed__wrapper\">\n<div class=\"embed-responsive embed-responsive-16by9\"><iframe title=\"Europa am Morgen #10 I Halbleiter Made in Europe \u2013 Weg zu mehr (Un)abh\u00e4ngigkeit?\" src=\"https:\/\/www.youtube.com\/embed\/Q8771I4lVTw?feature=oembed\" frameborder=\"0\" allow=\"accelerometer; autoplay; clipboard-write; encrypted-media; gyroscope; picture-in-picture; web-share\" referrerpolicy=\"strict-origin-when-cross-origin\" allowfullscreen><\/iframe><\/div>\n<\/div><figcaption class=\"wp-element-caption\">J\u00f6rg Amelung (<a href=\"https:\/\/www.ipms.fraunhofer.de\/\">Fraunhofer IPMS<\/a>) on environmental and research aspects (starting at minute 37).<\/figcaption><\/figure>\n\n\n\n<h2 class=\"wp-block-heading\" style=\"font-style:normal;font-weight:300\">Interviews zum Green ICT Award 2023<\/h2>\n\n\n\n<p><\/p>\n\n\n\n<figure class=\"wp-block-embed is-type-video is-provider-youtube wp-block-embed-youtube wp-embed-aspect-16-9 wp-has-aspect-ratio\"><div class=\"wp-block-embed__wrapper\">\n<div class=\"embed-responsive embed-responsive-16by9\"><iframe title=\"Ein Blick auf Innovationen mit Kareem Mansour, Gewinner des Green ICT Awards 2023\" src=\"https:\/\/www.youtube.com\/embed\/nE95TqiJDaM?feature=oembed\" frameborder=\"0\" allow=\"accelerometer; autoplay; clipboard-write; encrypted-media; gyroscope; picture-in-picture; web-share\" referrerpolicy=\"strict-origin-when-cross-origin\" allowfullscreen><\/iframe><\/div>\n<\/div><figcaption class=\"wp-element-caption\">Award 2023, 1st place : Kareem Mansour (University of Freiburg) \u00a9 Fraunhofer Microelectronics<\/figcaption><\/figure>\n\n\n\n<div style=\"height:5px\" aria-hidden=\"true\" class=\"wp-block-spacer\"><\/div>\n\n\n\n<figure class=\"wp-block-embed is-type-video is-provider-youtube wp-block-embed-youtube wp-embed-aspect-16-9 wp-has-aspect-ratio\"><div class=\"wp-block-embed__wrapper\">\n<div class=\"embed-responsive embed-responsive-16by9\"><iframe title=\"Nachhaltige IKT im Fokus: Interview mit Alexander Busch, Nominierter f\u00fcr den Green ICT Award 2023\" src=\"https:\/\/www.youtube.com\/embed\/s_LOCLZMyNI?feature=oembed\" frameborder=\"0\" allow=\"accelerometer; autoplay; clipboard-write; encrypted-media; gyroscope; picture-in-picture; web-share\" referrerpolicy=\"strict-origin-when-cross-origin\" allowfullscreen><\/iframe><\/div>\n<\/div><figcaption class=\"wp-element-caption\">Award 2023, 2nd place: Alexander Maximilian Busch (HAW Hamburg) \u00a9 Fraunhofer Microelectronics<\/figcaption><\/figure>\n\n\n\n<div style=\"height:5px\" aria-hidden=\"true\" class=\"wp-block-spacer\"><\/div>\n\n\n\n<figure class=\"wp-block-embed is-type-video is-provider-youtube wp-block-embed-youtube wp-embed-aspect-16-9 wp-has-aspect-ratio\"><div class=\"wp-block-embed__wrapper\">\n<div class=\"embed-responsive embed-responsive-16by9\"><iframe title=\"Rechenzentren klimaneutral gestalten? Im Gespr\u00e4ch mit Tugana Aslan, Finalistin Green ICT Award 2023\" src=\"https:\/\/www.youtube.com\/embed\/EwKBkWc3FWc?feature=oembed\" frameborder=\"0\" allow=\"accelerometer; autoplay; clipboard-write; encrypted-media; gyroscope; picture-in-picture; web-share\" referrerpolicy=\"strict-origin-when-cross-origin\" allowfullscreen><\/iframe><\/div>\n<\/div><figcaption class=\"wp-element-caption\">Award 2023, 3rd place: Tu\u011fana Ceren Aslan (TU Berlin) \u00a9 Fraunhofer Microelectronics<\/figcaption><\/figure>\n\n\n\n<p><\/p>\n\n\n\n<figure class=\"wp-block-embed is-type-video is-provider-youtube wp-block-embed-youtube wp-embed-aspect-16-9 wp-has-aspect-ratio\"><div class=\"wp-block-embed__wrapper\">\n<div class=\"embed-responsive embed-responsive-16by9\"><iframe title=\"Green ICT Award 2024: Bewirb dich bis April und sei Vorreiter:in f\u00fcr ressourcenschonende IKT!\" src=\"https:\/\/www.youtube.com\/embed\/G4t0bwaTP3o?feature=oembed\" frameborder=\"0\" allow=\"accelerometer; autoplay; clipboard-write; encrypted-media; gyroscope; picture-in-picture; web-share\" referrerpolicy=\"strict-origin-when-cross-origin\" allowfullscreen><\/iframe><\/div>\n<\/div><figcaption class=\"wp-element-caption\">Award 2023: Interviews with Dr. Stefan Mengel (BMBF), Dr. Amelie Hagelauer (Fraunhofer EMFT) and the award winners \u00a9 Fraunhofer Mikroelektronik<\/figcaption><\/figure>","protected":false},"excerpt":{"rendered":"<p>In verschiedenen Formaten berichten unsere Expert:innen von der Relevanz gr\u00fcner Mikroelektronik, den F\u00f6rderprojekten innerhalb von Green ICT @ FMD und weiteren Kooperationsm\u00f6glichkeiten: Podcast \u00bbChip Happens\u00ab Sven Oswald spricht mit Lutz Stobbe vom Fraunhofer IZM \u00fcber den massiven Energieverbrauch der IKT-Branche&#8230;<\/p>","protected":false},"author":2,"featured_media":0,"parent":0,"menu_order":0,"comment_status":"closed","ping_status":"closed","template":"","meta":{"_acf_changed":false,"footnotes":""},"class_list":["post-7207","page","type-page","status-publish","hentry"],"acf":[],"yoast_head":"<!-- This site is optimized with the Yoast SEO plugin v27.5 - https:\/\/yoast.com\/product\/yoast-seo-wordpress\/ -->\n<title>Interviews<\/title>\n<meta name=\"description\" content=\"Erhalten Sie Einblicke in nachhaltige Mikroelektronik und IKT-L\u00f6sungen mit unseren Expert*innen Interviews!\" \/>\n<meta name=\"robots\" content=\"index, follow, max-snippet:-1, max-image-preview:large, max-video-preview:-1\" \/>\n<link rel=\"canonical\" href=\"https:\/\/greenict.de\/en\/interviews\/\" \/>\n<script type=\"application\/ld+json\" class=\"yoast-schema-graph\">{\"@context\":\"https:\\\/\\\/schema.org\",\"@graph\":[{\"@type\":\"WebPage\",\"@id\":\"https:\\\/\\\/greenict.de\\\/interviews\\\/\",\"url\":\"https:\\\/\\\/greenict.de\\\/interviews\\\/\",\"name\":\"Interviews\",\"isPartOf\":{\"@id\":\"https:\\\/\\\/greenict.de\\\/#website\"},\"primaryImageOfPage\":{\"@id\":\"https:\\\/\\\/greenict.de\\\/interviews\\\/#primaryimage\"},\"image\":{\"@id\":\"https:\\\/\\\/greenict.de\\\/interviews\\\/#primaryimage\"},\"thumbnailUrl\":\"https:\\\/\\\/greenict.de\\\/wp-content\\\/uploads\\\/2025\\\/07\\\/chip-happens.png\",\"datePublished\":\"2024-02-19T14:13:52+00:00\",\"dateModified\":\"2025-07-18T10:39:46+00:00\",\"description\":\"Erhalten Sie Einblicke in nachhaltige Mikroelektronik und IKT-L\u00f6sungen mit unseren Expert*innen Interviews!\",\"breadcrumb\":{\"@id\":\"https:\\\/\\\/greenict.de\\\/interviews\\\/#breadcrumb\"},\"inLanguage\":\"en-GB\",\"potentialAction\":[{\"@type\":\"ReadAction\",\"target\":[\"https:\\\/\\\/greenict.de\\\/interviews\\\/\"]}]},{\"@type\":\"ImageObject\",\"inLanguage\":\"en-GB\",\"@id\":\"https:\\\/\\\/greenict.de\\\/interviews\\\/#primaryimage\",\"url\":\"https:\\\/\\\/greenict.de\\\/wp-content\\\/uploads\\\/2025\\\/07\\\/chip-happens.png\",\"contentUrl\":\"https:\\\/\\\/greenict.de\\\/wp-content\\\/uploads\\\/2025\\\/07\\\/chip-happens.png\"},{\"@type\":\"BreadcrumbList\",\"@id\":\"https:\\\/\\\/greenict.de\\\/interviews\\\/#breadcrumb\",\"itemListElement\":[{\"@type\":\"ListItem\",\"position\":1,\"name\":\"Startseite\",\"item\":\"https:\\\/\\\/greenict.de\\\/\"},{\"@type\":\"ListItem\",\"position\":2,\"name\":\"Interviews\"}]},{\"@type\":\"WebSite\",\"@id\":\"https:\\\/\\\/greenict.de\\\/#website\",\"url\":\"https:\\\/\\\/greenict.de\\\/\",\"name\":\"Green ICT\",\"description\":\"Kompetenzzentrum f\u00fcr eine ressourcenbewusste Informations- und Kommunikationstechnik\",\"publisher\":{\"@id\":\"https:\\\/\\\/greenict.de\\\/#organization\"},\"alternateName\":\"Nachhaltige Mikroelektronik\",\"potentialAction\":[{\"@type\":\"SearchAction\",\"target\":{\"@type\":\"EntryPoint\",\"urlTemplate\":\"https:\\\/\\\/greenict.de\\\/?s={search_term_string}\"},\"query-input\":{\"@type\":\"PropertyValueSpecification\",\"valueRequired\":true,\"valueName\":\"search_term_string\"}}],\"inLanguage\":\"en-GB\"},{\"@type\":\"Organization\",\"@id\":\"https:\\\/\\\/greenict.de\\\/#organization\",\"name\":\"Forschungsfabrik Mikroelektronik Deutschland\",\"alternateName\":\"FMD\",\"url\":\"https:\\\/\\\/greenict.de\\\/\",\"logo\":{\"@type\":\"ImageObject\",\"inLanguage\":\"en-GB\",\"@id\":\"https:\\\/\\\/greenict.de\\\/#\\\/schema\\\/logo\\\/image\\\/\",\"url\":\"https:\\\/\\\/greenict.de\\\/wp-content\\\/uploads\\\/2022\\\/11\\\/FMD-Logo_farbe-50-mm.png\",\"contentUrl\":\"https:\\\/\\\/greenict.de\\\/wp-content\\\/uploads\\\/2022\\\/11\\\/FMD-Logo_farbe-50-mm.png\",\"width\":592,\"height\":135,\"caption\":\"Forschungsfabrik Mikroelektronik Deutschland\"},\"image\":{\"@id\":\"https:\\\/\\\/greenict.de\\\/#\\\/schema\\\/logo\\\/image\\\/\"}}]}<\/script>\n<!-- \/ Yoast SEO plugin. -->","yoast_head_json":{"title":"Interviews","description":"Get insights into sustainable microelectronics and ICT solutions with our expert interviews!","robots":{"index":"index","follow":"follow","max-snippet":"max-snippet:-1","max-image-preview":"max-image-preview:large","max-video-preview":"max-video-preview:-1"},"canonical":"https:\/\/greenict.de\/en\/interviews\/","schema":{"@context":"https:\/\/schema.org","@graph":[{"@type":"WebPage","@id":"https:\/\/greenict.de\/interviews\/","url":"https:\/\/greenict.de\/interviews\/","name":"Interviews","isPartOf":{"@id":"https:\/\/greenict.de\/#website"},"primaryImageOfPage":{"@id":"https:\/\/greenict.de\/interviews\/#primaryimage"},"image":{"@id":"https:\/\/greenict.de\/interviews\/#primaryimage"},"thumbnailUrl":"https:\/\/greenict.de\/wp-content\/uploads\/2025\/07\/chip-happens.png","datePublished":"2024-02-19T14:13:52+00:00","dateModified":"2025-07-18T10:39:46+00:00","description":"Get insights into sustainable microelectronics and ICT solutions with our expert interviews!","breadcrumb":{"@id":"https:\/\/greenict.de\/interviews\/#breadcrumb"},"inLanguage":"en-GB","potentialAction":[{"@type":"ReadAction","target":["https:\/\/greenict.de\/interviews\/"]}]},{"@type":"ImageObject","inLanguage":"en-GB","@id":"https:\/\/greenict.de\/interviews\/#primaryimage","url":"https:\/\/greenict.de\/wp-content\/uploads\/2025\/07\/chip-happens.png","contentUrl":"https:\/\/greenict.de\/wp-content\/uploads\/2025\/07\/chip-happens.png"},{"@type":"BreadcrumbList","@id":"https:\/\/greenict.de\/interviews\/#breadcrumb","itemListElement":[{"@type":"ListItem","position":1,"name":"Startseite","item":"https:\/\/greenict.de\/"},{"@type":"ListItem","position":2,"name":"Interviews"}]},{"@type":"WebSite","@id":"https:\/\/greenict.de\/#website","url":"https:\/\/greenict.de\/","name":"Competence center for sustainable IT and communication technology","description":"Competence center for sustainable information and communication technology","publisher":{"@id":"https:\/\/greenict.de\/#organization"},"alternateName":"Nachhaltige Mikroelektronik","potentialAction":[{"@type":"SearchAction","target":{"@type":"EntryPoint","urlTemplate":"https:\/\/greenict.de\/?s={search_term_string}"},"query-input":{"@type":"PropertyValueSpecification","valueRequired":true,"valueName":"search_term_string"}}],"inLanguage":"en-GB"},{"@type":"Organization","@id":"https:\/\/greenict.de\/#organization","name":"Research Fab Microelectronics Germany","alternateName":"FMD","url":"https:\/\/greenict.de\/","logo":{"@type":"ImageObject","inLanguage":"en-GB","@id":"https:\/\/greenict.de\/#\/schema\/logo\/image\/","url":"https:\/\/greenict.de\/wp-content\/uploads\/2022\/11\/FMD-Logo_farbe-50-mm.png","contentUrl":"https:\/\/greenict.de\/wp-content\/uploads\/2022\/11\/FMD-Logo_farbe-50-mm.png","width":592,"height":135,"caption":"Forschungsfabrik Mikroelektronik Deutschland"},"image":{"@id":"https:\/\/greenict.de\/#\/schema\/logo\/image\/"}}]}},"_links":{"self":[{"href":"https:\/\/greenict.de\/en\/wp-json\/wp\/v2\/pages\/7207","targetHints":{"allow":["GET"]}}],"collection":[{"href":"https:\/\/greenict.de\/en\/wp-json\/wp\/v2\/pages"}],"about":[{"href":"https:\/\/greenict.de\/en\/wp-json\/wp\/v2\/types\/page"}],"author":[{"embeddable":true,"href":"https:\/\/greenict.de\/en\/wp-json\/wp\/v2\/users\/2"}],"replies":[{"embeddable":true,"href":"https:\/\/greenict.de\/en\/wp-json\/wp\/v2\/comments?post=7207"}],"version-history":[{"count":39,"href":"https:\/\/greenict.de\/en\/wp-json\/wp\/v2\/pages\/7207\/revisions"}],"predecessor-version":[{"id":13121,"href":"https:\/\/greenict.de\/en\/wp-json\/wp\/v2\/pages\/7207\/revisions\/13121"}],"wp:attachment":[{"href":"https:\/\/greenict.de\/en\/wp-json\/wp\/v2\/media?parent=7207"}],"curies":[{"name":"wp","href":"https:\/\/api.w.org\/{rel}","templated":true}]}}