{"id":5224,"date":"2023-11-15T10:24:48","date_gmt":"2023-11-15T09:24:48","guid":{"rendered":"https:\/\/greenict.de\/?page_id=5224"},"modified":"2025-04-28T09:40:04","modified_gmt":"2025-04-28T07:40:04","slug":"news","status":"publish","type":"page","link":"https:\/\/greenict.de\/en\/news\/","title":{"rendered":"Project news"},"content":{"rendered":"<p><\/p>\n\n\n\n<h2 class=\"wp-block-heading\" style=\"font-style:normal;font-weight:300\">Supported company projects<\/h2>\n\n\n\n<figure class=\"wp-block-image size-large\"><a href=\"https:\/\/greenict.de\/en\/abgeschlossene-projekte-mit-unternehmen\/\"><img loading=\"lazy\" decoding=\"async\" width=\"1024\" height=\"572\" src=\"https:\/\/greenict.de\/wp-content\/uploads\/2024\/11\/use-case-marposs-1024x572.jpg\" alt=\"\" class=\"wp-image-10801\" srcset=\"https:\/\/greenict.de\/wp-content\/uploads\/2024\/11\/use-case-marposs-1024x572.jpg 1024w, https:\/\/greenict.de\/wp-content\/uploads\/2024\/11\/use-case-marposs-300x168.jpg 300w, https:\/\/greenict.de\/wp-content\/uploads\/2024\/11\/use-case-marposs-768x429.jpg 768w, https:\/\/greenict.de\/wp-content\/uploads\/2024\/11\/use-case-marposs-18x10.jpg 18w, https:\/\/greenict.de\/wp-content\/uploads\/2024\/11\/use-case-marposs.jpg 1279w\" sizes=\"auto, (max-width: 1024px) 100vw, 1024px\" \/><\/a><\/figure>\n\n\n\n<p><\/p>\n\n\n\n<p>Overview of completed company projects funded by the Green ICT @ FMD competence center. <a href=\"https:\/\/greenict.de\/en\/abgeschlossene-projekte-mit-unternehmen\/\" target=\"_blank\" rel=\"noreferrer noopener\"><strong>To the projects<\/strong><\/a><\/p>\n\n\n\n<hr class=\"wp-block-separator has-alpha-channel-opacity\"\/>\n\n\n\n<h2 class=\"wp-block-heading\" style=\"font-style:normal;font-weight:300\">Review of the second Green ICT Camp <\/h2>\n\n\n\n<figure class=\"wp-block-image size-full\"><a href=\"https:\/\/greenict.de\/en\/review-camp-2025\/\"><img loading=\"lazy\" decoding=\"async\" width=\"800\" height=\"450\" src=\"https:\/\/greenict.de\/wp-content\/uploads\/2025\/04\/250331-loewn_fmd_gict_camp25_tag5_DSC3345.jpg\" alt=\"\" class=\"wp-image-12127\" srcset=\"https:\/\/greenict.de\/wp-content\/uploads\/2025\/04\/250331-loewn_fmd_gict_camp25_tag5_DSC3345.jpg 800w, https:\/\/greenict.de\/wp-content\/uploads\/2025\/04\/250331-loewn_fmd_gict_camp25_tag5_DSC3345-300x169.jpg 300w, https:\/\/greenict.de\/wp-content\/uploads\/2025\/04\/250331-loewn_fmd_gict_camp25_tag5_DSC3345-768x432.jpg 768w, https:\/\/greenict.de\/wp-content\/uploads\/2025\/04\/250331-loewn_fmd_gict_camp25_tag5_DSC3345-18x10.jpg 18w\" sizes=\"auto, (max-width: 800px) 100vw, 800px\" \/><\/a><figcaption class=\"wp-element-caption\">\u00a9 Fraunhofer Mikroelektronik<\/figcaption><\/figure>\n\n\n\n<p>Here you will find many snapshots and the summary of the workshop for students that took place in Nuremberg in March 2025. <a href=\"https:\/\/greenict.de\/en\/review-camp-2025\/\">To the review<\/a><\/p>\n\n\n\n<hr class=\"wp-block-separator has-alpha-channel-opacity\"\/>\n\n\n\n<h2 class=\"wp-block-heading\" style=\"font-style:normal;font-weight:300\">First Green ICT Camp was a success!<\/h2>\n\n\n\n<figure class=\"wp-block-image size-full\"><a href=\"https:\/\/greenict.de\/en\/camp-rueckblick\/\"><img loading=\"lazy\" decoding=\"async\" width=\"900\" height=\"506\" src=\"https:\/\/greenict.de\/wp-content\/uploads\/2024\/09\/camp-students-laptop.jpg\" alt=\"\" class=\"wp-image-9863\" srcset=\"https:\/\/greenict.de\/wp-content\/uploads\/2024\/09\/camp-students-laptop.jpg 900w, https:\/\/greenict.de\/wp-content\/uploads\/2024\/09\/camp-students-laptop-300x169.jpg 300w, https:\/\/greenict.de\/wp-content\/uploads\/2024\/09\/camp-students-laptop-768x432.jpg 768w, https:\/\/greenict.de\/wp-content\/uploads\/2024\/09\/camp-students-laptop-18x10.jpg 18w\" sizes=\"auto, (max-width: 900px) 100vw, 900px\" \/><\/a><figcaption class=\"wp-element-caption\">\u00a9 Fraunhofer Mikroelektronik<\/figcaption><\/figure>\n\n\n\n<p>Take a look at the summary of the workshop for students that took place in Berlin from September 2-6, 2024 <a href=\"https:\/\/greenict.de\/en\/camp-rueckblick\/\">To the review<\/a><\/p>\n\n\n\n<hr class=\"wp-block-separator has-alpha-channel-opacity\"\/>\n\n\n\n<h2 class=\"wp-block-heading\" style=\"font-style:normal;font-weight:300\">Review of the project meeting<\/h2>\n\n\n\n<figure class=\"wp-block-image size-full\"><a href=\"https:\/\/greenict.de\/en\/rueckblick-gesamtprojekttreffen\/\"><img loading=\"lazy\" decoding=\"async\" width=\"1500\" height=\"655\" src=\"https:\/\/greenict.de\/wp-content\/uploads\/2024\/09\/konsortium-gesamtprojekttreffen.jpg\" alt=\"\" class=\"wp-image-9900\" srcset=\"https:\/\/greenict.de\/wp-content\/uploads\/2024\/09\/konsortium-gesamtprojekttreffen.jpg 1500w, https:\/\/greenict.de\/wp-content\/uploads\/2024\/09\/konsortium-gesamtprojekttreffen-300x131.jpg 300w, https:\/\/greenict.de\/wp-content\/uploads\/2024\/09\/konsortium-gesamtprojekttreffen-1024x447.jpg 1024w, https:\/\/greenict.de\/wp-content\/uploads\/2024\/09\/konsortium-gesamtprojekttreffen-768x335.jpg 768w, https:\/\/greenict.de\/wp-content\/uploads\/2024\/09\/konsortium-gesamtprojekttreffen-18x8.jpg 18w\" sizes=\"auto, (max-width: 1500px) 100vw, 1500px\" \/><\/a><figcaption class=\"wp-element-caption\">\u00a9 Fraunhofer Mikroelektronik<\/figcaption><\/figure>\n\n\n\n<p>Representatives of the 15 partners of the Green ICT project met in Berlin on July 3 and 4 as part of the overall project meeting 2024. <a href=\"https:\/\/greenict.de\/en\/rueckblick-gesamtprojekttreffen\/\">To the review<\/a><\/p>\n\n\n\n<hr class=\"wp-block-separator has-alpha-channel-opacity\"\/>\n\n\n\n<h2 class=\"wp-block-heading\" style=\"font-style:normal;font-weight:300\">New start-ups at \"Green ICT Space\"<\/h2>\n\n\n\n<figure class=\"wp-block-image size-full\"><a href=\"https:\/\/greenict.de\/en\/space-gefoerderte-projekte\/\"><img loading=\"lazy\" decoding=\"async\" width=\"700\" height=\"422\" src=\"https:\/\/greenict.de\/wp-content\/uploads\/2024\/08\/Lidrotec-green-ict-space.jpg\" alt=\"\" class=\"wp-image-9500\" srcset=\"https:\/\/greenict.de\/wp-content\/uploads\/2024\/08\/Lidrotec-green-ict-space.jpg 700w, https:\/\/greenict.de\/wp-content\/uploads\/2024\/08\/Lidrotec-green-ict-space-300x181.jpg 300w, https:\/\/greenict.de\/wp-content\/uploads\/2024\/08\/Lidrotec-green-ict-space-18x12.jpg 18w\" sizes=\"auto, (max-width: 700px) 100vw, 700px\" \/><\/a><figcaption class=\"wp-element-caption\">\u00a9 Fraunhofer Mikroelektronik<\/figcaption><\/figure>\n\n\n\n<p>Three start-ups will take part in the Green ICT Space program since September 2024:<\/p>\n\n\n\n<ul class=\"wp-block-list\">\n<li><a href=\"https:\/\/greenict.de\/en\/optimiertes-wassergestutztes-laser-trennen-von-sic-bauteilen-zurreduzierung-des-co2-fussabdrucks-sicowl-co2\/\">LIDROTEC GmbH<\/a><\/li>\n\n\n\n<li><a href=\"https:\/\/greenict.de\/en\/co2-reduktion-digitale-schnelltests\/\">HyPhoX GmbH<\/a><\/li>\n\n\n\n<li><a href=\"https:\/\/greenict.de\/en\/greenclean-intelligent-fluid-iftin\/\">intelligent fluids GmbH<\/a><\/li>\n<\/ul>\n\n\n\n<hr class=\"wp-block-separator has-alpha-channel-opacity\"\/>\n\n\n\n<div class=\"wp-block-group\"><div class=\"wp-block-group__inner-container is-layout-constrained wp-block-group-is-layout-constrained\">\n<h2 class=\"wp-block-heading\" style=\"font-style:normal;font-weight:300\">Cooperation with comprehensive school<\/h2>\n\n\n\n<figure class=\"wp-block-image\"><img loading=\"lazy\" decoding=\"async\" width=\"1024\" height=\"768\" src=\"https:\/\/greenict.de\/wp-content\/uploads\/2024\/02\/nachhaltigkeit-zusammenarbeit-mit-schule-1024x768.jpg\" alt=\"Vollst\u00e4ndiges Kollegium der INI Gesamtschule Bad Sassendorf\" class=\"wp-image-6831\" srcset=\"https:\/\/greenict.de\/wp-content\/uploads\/2024\/02\/nachhaltigkeit-zusammenarbeit-mit-schule-1024x768.jpg 1024w, https:\/\/greenict.de\/wp-content\/uploads\/2024\/02\/nachhaltigkeit-zusammenarbeit-mit-schule-300x225.jpg 300w, https:\/\/greenict.de\/wp-content\/uploads\/2024\/02\/nachhaltigkeit-zusammenarbeit-mit-schule-768x576.jpg 768w, https:\/\/greenict.de\/wp-content\/uploads\/2024\/02\/nachhaltigkeit-zusammenarbeit-mit-schule-1536x1152.jpg 1536w, https:\/\/greenict.de\/wp-content\/uploads\/2024\/02\/nachhaltigkeit-zusammenarbeit-mit-schule-2048x1536.jpg 2048w, https:\/\/greenict.de\/wp-content\/uploads\/2024\/02\/nachhaltigkeit-zusammenarbeit-mit-schule-16x12.jpg 16w\" sizes=\"auto, (max-width: 1024px) 100vw, 1024px\" \/><figcaption class=\"wp-element-caption\">Complete teaching staff of the INI comprehensive school \u00a9 Fraunhofer Mikroelektronik<\/figcaption><\/figure>\n\n\n\n<p class=\"translation-block\">On February 12, 2024, Dr. Andreas Middendorf from the Green ICT @ FMD project visited the INI comprehensive school in Bad Sassendorf to initiate a collaboration. Except for \"sport,\" there were points of contact with green electronics in all subjects, which will be explored in greater depth soon. Jana R\u00fcckschloss from <a href=\"https:\/\/www.izm.fraunhofer.de\/en.html\" data-wpel-link=\"external\" rel=\"external noopener noreferrer\" class=\"wpel-icon-right\" target=\"_self\">Fraunhofer IZM<span class=\"wpel-icon wpel-image wpel-icon-6\"><\/span><\/a> was also there virtually to present the scope3transparent project.<\/p>\n<\/div><\/div>\n\n\n\n<hr class=\"wp-block-separator has-alpha-channel-opacity is-style-wide\"\/>\n\n\n\n<div class=\"wp-block-group\"><div class=\"wp-block-group__inner-container is-layout-constrained wp-block-group-is-layout-constrained\">\n<h2 class=\"wp-block-heading\" style=\"font-style:normal;font-weight:300\">First start-ups to join the \u00bbGreen ICT Space\u00ab<\/h2>\n\n\n\n<figure class=\"wp-block-image size-large\"><a href=\"https:\/\/greenict.de\/en\/space-gefoerderte-projekte\/\"><img loading=\"lazy\" decoding=\"async\" width=\"1024\" height=\"570\" src=\"https:\/\/greenict.de\/wp-content\/uploads\/2023\/11\/space-wollmann-landgraf-1024x570.jpg\" alt=\"Dr. Philipp Wollmann und Dr. Wulf Gr\u00e4hlert von DIVE imaging systems GmbH vor einem Green ICT Space Plakat\" class=\"wp-image-4955\" srcset=\"https:\/\/greenict.de\/wp-content\/uploads\/2023\/11\/space-wollmann-landgraf-1024x570.jpg 1024w, https:\/\/greenict.de\/wp-content\/uploads\/2023\/11\/space-wollmann-landgraf-300x167.jpg 300w, https:\/\/greenict.de\/wp-content\/uploads\/2023\/11\/space-wollmann-landgraf-768x427.jpg 768w, https:\/\/greenict.de\/wp-content\/uploads\/2023\/11\/space-wollmann-landgraf-18x10.jpg 18w, https:\/\/greenict.de\/wp-content\/uploads\/2023\/11\/space-wollmann-landgraf.jpg 1100w\" sizes=\"auto, (max-width: 1024px) 100vw, 1024px\" \/><\/a><figcaption class=\"wp-element-caption\">Dr. Philipp Wollmann und Dr. Wulf Gr\u00e4hlert von DIVE imaging systems GmbH \u00a9 Fraunhofer Mikroelektronik<\/figcaption><\/figure>\n\n\n\n<p>The two start-ups DIVE imaging systems and XCCES have been participating in the program since January 2024. <a href=\"https:\/\/greenict.de\/en\/space-gefoerderte-projekte\/\">Find out more<\/a><\/p>\n<\/div><\/div>\n\n\n\n<hr class=\"wp-block-separator has-alpha-channel-opacity is-style-wide\"\/>\n\n\n\n<div class=\"wp-block-group\"><div class=\"wp-block-group__inner-container is-layout-constrained wp-block-group-is-layout-constrained\">\n<h2 class=\"wp-block-heading\" style=\"font-style:normal;font-weight:300\">Two use cases launched in Hub 1 \"Sensor Edge Cloud Systems\"<\/h2>\n\n\n\n<figure class=\"wp-block-image size-full\"><a href=\"https:\/\/greenict.de\/en\/use-cases-hub1\/\"><img loading=\"lazy\" decoding=\"async\" width=\"621\" height=\"152\" src=\"https:\/\/greenict.de\/wp-content\/uploads\/2024\/01\/grafik.png\" alt=\"Kreislauf des Green ICT-Hub f\u00fcr SEC: Von Sensor Plattform zu Radio Kommunikation zum Edge Computing zur Edge Cloud\" class=\"wp-image-6489\" srcset=\"https:\/\/greenict.de\/wp-content\/uploads\/2024\/01\/grafik.png 621w, https:\/\/greenict.de\/wp-content\/uploads\/2024\/01\/grafik-300x73.png 300w, https:\/\/greenict.de\/wp-content\/uploads\/2024\/01\/grafik-18x4.png 18w\" sizes=\"auto, (max-width: 621px) 100vw, 621px\" \/><\/a><\/figure>\n\n\n\n<p><\/p>\n\n\n\n<p class=\"translation-block\">The Hub 1 <a href=\"https:\/\/greenict.de\/en\/sensor-edge-cloud-systeme\/\" data-wpel-link=\"internal\" target=\"_self\"><strong>Sensor Edge Cloud Systems<\/strong><\/a> (SEC) has launched the <strong>first phase of the validation projects<\/strong>. Previous results from the hub are being validated on real <strong>use cases<\/strong> together with industry partners. Two industrial partners have been successfully acquired for the \"Metering\" and \"Condition Monitoring\" use cases. <a href=\"https:\/\/greenict.de\/en\/use-cases-hub1\/\" target=\"_blank\" rel=\"noopener external noreferrer\" data-wpel-link=\"external\" class=\"wpel-icon-right\">Find out more<span class=\"wpel-icon wpel-image wpel-icon-6\"><\/span><\/a><\/p>\n<\/div><\/div>\n\n\n\n<hr class=\"wp-block-separator has-alpha-channel-opacity\"\/>\n\n\n\n<h2 class=\"wp-block-heading\" style=\"font-style:normal;font-weight:300\">Wissenschaftliche Publikationen<\/h2>\n\n\n\n<p>Wir haben eine Liste mit Publikationen aus dem Kompetenzzentrum Green ICT @ FMD f\u00fcr Sie zusammengestellt.<strong> <\/strong><\/p>\n\n\n\n<div class=\"wp-block-buttons has-custom-font-size has-medium-font-size is-content-justification-center is-layout-flex wp-container-core-buttons-is-layout-16018d1d wp-block-buttons-is-layout-flex\">\n<div class=\"wp-block-button has-custom-width wp-block-button__width-50\"><a class=\"wp-block-button__link has-white-color has-text-color has-background has-custom-font-size wp-element-button\" href=\"https:\/\/greenict.de\/en\/publikationen\/\" style=\"background-color:#009374;font-size:16px\" target=\"_blank\" rel=\"https:\/\/greenict.de\/kontakt\/ noopener noreferrer noreferrer noopener\">To the publications<\/a><\/div>\n<\/div>\n\n\n\n<p><\/p>","protected":false},"excerpt":{"rendered":"<p>Neue gef\u00f6rderte Projekte \u00dcberblick zu abgeschlossenen Unternehmensprojekten, die vom Kompetenzzentrum Green ICT @ FMD gef\u00f6rdert werden. Zu den Projekten R\u00fcckblick zum zweiten \u00bbGreen ICT Camp\u00ab Hier finden Sie viele Schnappsch\u00fcsse und die Zusammenfassung des Workshops f\u00fcr Studierende an, der im&#8230;<\/p>","protected":false},"author":2,"featured_media":0,"parent":0,"menu_order":0,"comment_status":"closed","ping_status":"closed","template":"","meta":{"_acf_changed":false,"footnotes":""},"class_list":["post-5224","page","type-page","status-publish","hentry"],"acf":[],"yoast_head":"<!-- This site is optimized with the Yoast SEO plugin v27.5 - https:\/\/yoast.com\/product\/yoast-seo-wordpress\/ -->\n<title>Projektnews<\/title>\n<meta name=\"description\" content=\"Aktuelle Nachrichten zum Projekt &quot;Green ICT @ FMD&quot;. Bleiben Sie \u00fcber nachhaltige Informations- und Kommunikationstechnik informiert!\" \/>\n<meta name=\"robots\" content=\"index, follow, max-snippet:-1, max-image-preview:large, max-video-preview:-1\" \/>\n<link rel=\"canonical\" href=\"https:\/\/greenict.de\/en\/news\/\" \/>\n<script type=\"application\/ld+json\" class=\"yoast-schema-graph\">{\"@context\":\"https:\\\/\\\/schema.org\",\"@graph\":[{\"@type\":\"WebPage\",\"@id\":\"https:\\\/\\\/greenict.de\\\/news\\\/\",\"url\":\"https:\\\/\\\/greenict.de\\\/news\\\/\",\"name\":\"Projektnews\",\"isPartOf\":{\"@id\":\"https:\\\/\\\/greenict.de\\\/#website\"},\"primaryImageOfPage\":{\"@id\":\"https:\\\/\\\/greenict.de\\\/news\\\/#primaryimage\"},\"image\":{\"@id\":\"https:\\\/\\\/greenict.de\\\/news\\\/#primaryimage\"},\"thumbnailUrl\":\"https:\\\/\\\/greenict.de\\\/wp-content\\\/uploads\\\/2024\\\/11\\\/use-case-marposs-1024x572.jpg\",\"datePublished\":\"2023-11-15T09:24:48+00:00\",\"dateModified\":\"2025-04-28T07:40:04+00:00\",\"description\":\"Aktuelle Nachrichten zum Projekt \\\"Green ICT @ FMD\\\". Bleiben Sie \u00fcber nachhaltige Informations- und Kommunikationstechnik informiert!\",\"breadcrumb\":{\"@id\":\"https:\\\/\\\/greenict.de\\\/news\\\/#breadcrumb\"},\"inLanguage\":\"en-GB\",\"potentialAction\":[{\"@type\":\"ReadAction\",\"target\":[\"https:\\\/\\\/greenict.de\\\/news\\\/\"]}]},{\"@type\":\"ImageObject\",\"inLanguage\":\"en-GB\",\"@id\":\"https:\\\/\\\/greenict.de\\\/news\\\/#primaryimage\",\"url\":\"https:\\\/\\\/greenict.de\\\/wp-content\\\/uploads\\\/2024\\\/11\\\/use-case-marposs-1024x572.jpg\",\"contentUrl\":\"https:\\\/\\\/greenict.de\\\/wp-content\\\/uploads\\\/2024\\\/11\\\/use-case-marposs-1024x572.jpg\"},{\"@type\":\"BreadcrumbList\",\"@id\":\"https:\\\/\\\/greenict.de\\\/news\\\/#breadcrumb\",\"itemListElement\":[{\"@type\":\"ListItem\",\"position\":1,\"name\":\"Startseite\",\"item\":\"https:\\\/\\\/greenict.de\\\/\"},{\"@type\":\"ListItem\",\"position\":2,\"name\":\"Projektnews\"}]},{\"@type\":\"WebSite\",\"@id\":\"https:\\\/\\\/greenict.de\\\/#website\",\"url\":\"https:\\\/\\\/greenict.de\\\/\",\"name\":\"Green ICT\",\"description\":\"Kompetenzzentrum f\u00fcr eine ressourcenbewusste Informations- und Kommunikationstechnik\",\"publisher\":{\"@id\":\"https:\\\/\\\/greenict.de\\\/#organization\"},\"alternateName\":\"Nachhaltige Mikroelektronik\",\"potentialAction\":[{\"@type\":\"SearchAction\",\"target\":{\"@type\":\"EntryPoint\",\"urlTemplate\":\"https:\\\/\\\/greenict.de\\\/?s={search_term_string}\"},\"query-input\":{\"@type\":\"PropertyValueSpecification\",\"valueRequired\":true,\"valueName\":\"search_term_string\"}}],\"inLanguage\":\"en-GB\"},{\"@type\":\"Organization\",\"@id\":\"https:\\\/\\\/greenict.de\\\/#organization\",\"name\":\"Forschungsfabrik Mikroelektronik Deutschland\",\"alternateName\":\"FMD\",\"url\":\"https:\\\/\\\/greenict.de\\\/\",\"logo\":{\"@type\":\"ImageObject\",\"inLanguage\":\"en-GB\",\"@id\":\"https:\\\/\\\/greenict.de\\\/#\\\/schema\\\/logo\\\/image\\\/\",\"url\":\"https:\\\/\\\/greenict.de\\\/wp-content\\\/uploads\\\/2022\\\/11\\\/FMD-Logo_farbe-50-mm.png\",\"contentUrl\":\"https:\\\/\\\/greenict.de\\\/wp-content\\\/uploads\\\/2022\\\/11\\\/FMD-Logo_farbe-50-mm.png\",\"width\":592,\"height\":135,\"caption\":\"Forschungsfabrik Mikroelektronik Deutschland\"},\"image\":{\"@id\":\"https:\\\/\\\/greenict.de\\\/#\\\/schema\\\/logo\\\/image\\\/\"}}]}<\/script>\n<!-- \/ Yoast SEO plugin. -->","yoast_head_json":{"title":"Project news","description":"Latest news on the \"Green ICT @ FMD\" project. Stay informed about sustainable information and communication technology!","robots":{"index":"index","follow":"follow","max-snippet":"max-snippet:-1","max-image-preview":"max-image-preview:large","max-video-preview":"max-video-preview:-1"},"canonical":"https:\/\/greenict.de\/en\/news\/","schema":{"@context":"https:\/\/schema.org","@graph":[{"@type":"WebPage","@id":"https:\/\/greenict.de\/news\/","url":"https:\/\/greenict.de\/news\/","name":"Project news","isPartOf":{"@id":"https:\/\/greenict.de\/#website"},"primaryImageOfPage":{"@id":"https:\/\/greenict.de\/news\/#primaryimage"},"image":{"@id":"https:\/\/greenict.de\/news\/#primaryimage"},"thumbnailUrl":"https:\/\/greenict.de\/wp-content\/uploads\/2024\/11\/use-case-marposs-1024x572.jpg","datePublished":"2023-11-15T09:24:48+00:00","dateModified":"2025-04-28T07:40:04+00:00","description":"Latest news on the \"Green ICT @ FMD\" project. Stay informed about sustainable information and communication technology!","breadcrumb":{"@id":"https:\/\/greenict.de\/news\/#breadcrumb"},"inLanguage":"en-GB","potentialAction":[{"@type":"ReadAction","target":["https:\/\/greenict.de\/news\/"]}]},{"@type":"ImageObject","inLanguage":"en-GB","@id":"https:\/\/greenict.de\/news\/#primaryimage","url":"https:\/\/greenict.de\/wp-content\/uploads\/2024\/11\/use-case-marposs-1024x572.jpg","contentUrl":"https:\/\/greenict.de\/wp-content\/uploads\/2024\/11\/use-case-marposs-1024x572.jpg"},{"@type":"BreadcrumbList","@id":"https:\/\/greenict.de\/news\/#breadcrumb","itemListElement":[{"@type":"ListItem","position":1,"name":"Startseite","item":"https:\/\/greenict.de\/"},{"@type":"ListItem","position":2,"name":"Projektnews"}]},{"@type":"WebSite","@id":"https:\/\/greenict.de\/#website","url":"https:\/\/greenict.de\/","name":"Competence center for sustainable IT and communication technology","description":"Competence center for sustainable information and communication technology","publisher":{"@id":"https:\/\/greenict.de\/#organization"},"alternateName":"Nachhaltige Mikroelektronik","potentialAction":[{"@type":"SearchAction","target":{"@type":"EntryPoint","urlTemplate":"https:\/\/greenict.de\/?s={search_term_string}"},"query-input":{"@type":"PropertyValueSpecification","valueRequired":true,"valueName":"search_term_string"}}],"inLanguage":"en-GB"},{"@type":"Organization","@id":"https:\/\/greenict.de\/#organization","name":"Research Fab Microelectronics Germany","alternateName":"FMD","url":"https:\/\/greenict.de\/","logo":{"@type":"ImageObject","inLanguage":"en-GB","@id":"https:\/\/greenict.de\/#\/schema\/logo\/image\/","url":"https:\/\/greenict.de\/wp-content\/uploads\/2022\/11\/FMD-Logo_farbe-50-mm.png","contentUrl":"https:\/\/greenict.de\/wp-content\/uploads\/2022\/11\/FMD-Logo_farbe-50-mm.png","width":592,"height":135,"caption":"Forschungsfabrik Mikroelektronik Deutschland"},"image":{"@id":"https:\/\/greenict.de\/#\/schema\/logo\/image\/"}}]}},"_links":{"self":[{"href":"https:\/\/greenict.de\/en\/wp-json\/wp\/v2\/pages\/5224","targetHints":{"allow":["GET"]}}],"collection":[{"href":"https:\/\/greenict.de\/en\/wp-json\/wp\/v2\/pages"}],"about":[{"href":"https:\/\/greenict.de\/en\/wp-json\/wp\/v2\/types\/page"}],"author":[{"embeddable":true,"href":"https:\/\/greenict.de\/en\/wp-json\/wp\/v2\/users\/2"}],"replies":[{"embeddable":true,"href":"https:\/\/greenict.de\/en\/wp-json\/wp\/v2\/comments?post=5224"}],"version-history":[{"count":293,"href":"https:\/\/greenict.de\/en\/wp-json\/wp\/v2\/pages\/5224\/revisions"}],"predecessor-version":[{"id":12292,"href":"https:\/\/greenict.de\/en\/wp-json\/wp\/v2\/pages\/5224\/revisions\/12292"}],"wp:attachment":[{"href":"https:\/\/greenict.de\/en\/wp-json\/wp\/v2\/media?parent=5224"}],"curies":[{"name":"wp","href":"https:\/\/api.w.org\/{rel}","templated":true}]}}