{"id":13205,"date":"2025-07-31T14:45:51","date_gmt":"2025-07-31T12:45:51","guid":{"rendered":"https:\/\/greenict.de\/?page_id=13205"},"modified":"2025-07-31T14:49:57","modified_gmt":"2025-07-31T12:49:57","slug":"prozesse-technologien-elektronische-komponenten","status":"publish","type":"page","link":"https:\/\/greenict.de\/en\/prozesse-technologien-elektronische-komponenten\/","title":{"rendered":"Themenfeld TEC: Prozesse\/Technologien\/ Elektronische Komponenten"},"content":{"rendered":"<p>Wir empfehlen, zuerst das jeweilige Basismodul anzuschauen (falls vorhanden).<\/p>\n\n\n\n<h2 class=\"wp-block-heading\" style=\"font-style:normal;font-weight:300\">Modul <em>\u00bb<\/em>TEC-1\u00ab<\/h2>\n\n\n\n<h3 class=\"wp-block-heading\" style=\"font-style:normal;font-weight:300\">Basismodul<\/h3>\n\n\n\n<p><strong>H. Schimanski: \u00bbRessourcenschonende Elektronikproduktion: Grundlagen der L\u00f6tprozesse mit Niedertemperatur-Weichloten\u00ab<\/strong><br>Inhalt: Das Niedertemperaturweichl\u00f6ten gewinnt zunehmend an Bedeutung f\u00fcr Energieeinsparungen und die Reduzierung von CO2-Emissionen. In diesem Modul wird ein erster \u00dcberblick \u00fcber die Vorteile und Herausforderungen dieses Verfahrens gegeben.\u00a0<\/p>\n\n\n\n<p>Dauer: 24 min<br><a href=\"https:\/\/youtu.be\/i4J2CToM1EY\" target=\"_blank\" rel=\"noreferrer noopener\">Link zum Video<\/a><\/p>\n\n\n\n<h3 class=\"wp-block-heading\" style=\"font-style:normal;font-weight:300\">Aufbaumodul<\/h3>\n\n\n\n<p><strong><strong>H. Schimanski<\/strong>: \u00bbRessourcenschonende Elektronikproduktion: Niedertemperatur-Weichlote in der Elektronikfertigung\u00ab<\/strong><br>Inhalt: Das Niedertemperaturweichl\u00f6ten gewinnt zunehmend an Bedeutung f\u00fcr Energie-einsparungen und die Reduktion von CO2-Emissionen. In diesem Modul werden die Motivation, Vorteile und Herausforderungen des Verfahrens erl\u00e4utert. Praxisbeispiele veranschaulichen die Verarbeitung von SMD-Komponenten, w\u00e4hrend Umweltbilanzuntersuchungen und Zuverl\u00e4ssigkeits-ergebnisse vorgestellt werden.\u00a0<\/p>\n\n\n\n<p>Dauer: 24 min<br><a href=\"https:\/\/youtu.be\/ftBzdHy7Cys\" target=\"_blank\" rel=\"noreferrer noopener\">Link zum Video<\/a><\/p>\n\n\n\n<hr class=\"wp-block-separator has-alpha-channel-opacity\"\/>\n\n\n\n<h2 class=\"wp-block-heading\" style=\"font-style:normal;font-weight:300\">Modul <em>\u00bb<\/em>TEC-2\u00ab<\/h2>\n\n\n\n<h3 class=\"wp-block-heading\" style=\"font-style:normal;font-weight:300\">Basismodul<\/h3>\n\n\n\n<p><strong>M. Marwede; J. Druschke: \u00bbDrahtlose, autarke, miniaturisierte Sensor-Aktor-Plattform f\u00fcr Industrieanwendungen \u2013 technologische und \u00f6kologische Aspekte: Der \u00f6kologische Fu\u00df- und H\u00e4ndeabdruck von Sensorsystemen\u00ab<\/strong><br>Inhalt: Die Digitalisierung durch Sensorik verbessert Prozesse in Bereichen wie Fertigung, Energie, Mobilit\u00e4t und Infrastruktur und f\u00fchrt oft zu Ressourcen- und Energie-einsparungen. Dabei wird jedoch oft \u00fcbersehen, dass auch der Energieverbrauch steigt und zus\u00e4tzliche Ressourcen f\u00fcr Infrastruktur ben\u00f6tigt werden. Die damit verbundene Hardware hat einen \u00f6kologischen Fu\u00dfabdruck. Daher sollte beim Design von Sensornetzwerken sowohl die Energieeffizienz als auch das \u00d6kodesign der Hardware ber\u00fccksichtigt werden. Unser Online-Seminar fokussiert sich auf nachhaltiges Design und den Betrieb von Sensorknoten und -netzwerken.\u00a0<\/p>\n\n\n\n<p>Dauer: 19 min<br><a href=\"https:\/\/youtu.be\/hBLOgdiA3F4\" target=\"_blank\" rel=\"noreferrer noopener\">Link zum Video<\/a><\/p>\n\n\n\n<h3 class=\"wp-block-heading\" style=\"font-style:normal;font-weight:300\">Aufbaumodul 1<\/h3>\n\n\n\n<p><strong>C. Brockmann: \u00bbDrahtlose, autarke, miniaturisierte Sensor-Aktor-Plattform f\u00fcr Industrieanwendungen \u2013 technologische und \u00f6kologische Aspekte: Energieeff. Systemarchit. bei drahtlosen Multi Sensor Plattformen\u00ab<\/strong><br>Inhalt: Energieeffiziente Systemarchitekturen bei drahtlosen Multi-Sensor-Plattformen optimieren den Energieverbrauch durch intelligente Algorithmen und fortschrittliche Kommunikationsprotokolle. Diese Ans\u00e4tze verl\u00e4ngern die Batterielebensdauer und reduzieren die Umweltbelastung. Sie sind ideal f\u00fcr Anwendungen in Smart Cities, Industrie 4.0 und IoT, wo nachhaltige und zuverl\u00e4ssige Sensorintegration entscheidend ist.<\/p>\n\n\n\n<p>Dauer: 27 min<br><a href=\"https:\/\/youtu.be\/4mls4t5tYbk\" target=\"_blank\" rel=\"noreferrer noopener\">Link zum Video<\/a><\/p>\n\n\n\n<h3 class=\"wp-block-heading\" style=\"font-style:normal;font-weight:300\">Aufbaumodul 2<\/h3>\n\n\n\n<p><strong>H. Milosiu: \u00bbDrahtlose, autarke, miniaturisierte Sensor-Aktor-Plattform f\u00fcr<\/strong> <strong>Industrieanwendungen \u2013 technologische und \u00f6kologische Aspekte: T\u00fcrschlie\u00dfsysteme mit RFicient\u00ae Technologie effizient ausf\u00fchre\u00ab<\/strong><br>Inhalt: Die T\u00fcrschlie\u00dfsysteme mit RFicient\u00ae-Technologie bieten eine effiziente L\u00f6sung f\u00fcr moderne Sicherheitsanforderungen. Sie erm\u00f6glichen pr\u00e4zise Steuerung und minimieren den Energieverbrauch, w\u00e4hrend die Funktionalit\u00e4t und Sicherheit maximiert werden. Die benutzerfreundliche Anwendung erlaubt eine einfache Integration in bestehende Infrastrukturen und bietet eine flexible, nachhaltige L\u00f6sung.<\/p>\n\n\n\n<p>Dauer: 21 min<br><a href=\"https:\/\/youtu.be\/PwKAAUl3NVI\" target=\"_blank\" rel=\"noreferrer noopener\">Link zum Video<\/a><\/p>\n\n\n\n<h3 class=\"wp-block-heading\" style=\"font-style:normal;font-weight:300\">Aufbaumodul 3<\/h3>\n\n\n\n<p><strong>P. Spies: \u00bbDrahtlose, autarke, miniaturisierte Sensor-Aktor-Plattform f\u00fcr Industrieanwendungen \u2013 technologische und \u00f6kologische Aspekte: Energieautarke Funksensoren mit Energy Harvesting\u00ab<\/strong><br>Inhalt: Energieautarke Funksensoren mit Energy Harvesting nutzen Umgebungsenergie, wie Sonnenlicht oder kinetische Energie, zur Energiegewinnung. Sie sind unabh\u00e4ngig von externen Stromquellen und bieten eine nachhaltige L\u00f6sung f\u00fcr drahtlose Sensornetzwerke. Ideal f\u00fcr Smart Homes, Industrie und Umweltschutz erm\u00f6glichen sie kontinuierliche \u00dcberwachung ohne Batteriewechsel und reduzieren somit die Umweltbelastung.<\/p>\n\n\n\n<p>Dauer: 29 min<br><a href=\"https:\/\/youtu.be\/Vyn_fYyhVis\" target=\"_blank\" rel=\"noreferrer noopener\">Link zum Video<\/a><\/p>\n\n\n\n<hr class=\"wp-block-separator has-alpha-channel-opacity\"\/>\n\n\n\n<h2 class=\"wp-block-heading\" style=\"font-style:normal;font-weight:300\">Modul <em>\u00bb<\/em>TEC-3\u00ab<\/h2>\n\n\n\n<h3 class=\"wp-block-heading\" style=\"font-style:normal;font-weight:300\">Aufbaumodul<\/h3>\n\n\n\n<p><strong>M. Schiffer, V. Prodanovic: \u00bbVon der CMOS-Fertigung zum Advanced Packaging \u2013 \u00d6kologische Aspekte\u00ab<\/strong> (Englisch)<br>Inhalt: Das Seminar bietet zun\u00e4chst eine allgemeine Einf\u00fchrung in die Halbleiterproduktion sowie die betrieblichen Aspekte von Reinr\u00e4umen. Im Mittelpunkt steht jedoch die Vermittlung von Wissen \u00fcber den \u00f6kologischen Fu\u00dfabdruck der IC-Produktion, einschlie\u00dflich der Front-End-, WLSI- und Verpackungsprozesse. Die Referent*innen diskutieren den Verbrauch von Ressourcen wie Wasser, Energie und Chemikalien in verschiedenen Technologieknoten und pr\u00e4sentieren Ma\u00dfnahmen zur Verbesserung der Nachhaltigkeit dieser Prozesse.\u00a0<\/p>\n\n\n\n<p>Dauer: 55 min<br><a href=\"https:\/\/youtu.be\/HMK5lcEF0mQ\" target=\"_blank\" rel=\"noreferrer noopener\">Link zum Video<\/a><\/p>\n\n\n\n<hr class=\"wp-block-separator has-alpha-channel-opacity\"\/>\n\n\n\n<h2 class=\"wp-block-heading\" style=\"font-style:normal;font-weight:300\">Modul <em>\u00bb<\/em>TEC-4\u00ab<\/h2>\n\n\n\n<h3 class=\"wp-block-heading\" style=\"font-style:normal;font-weight:300\">Basismodul<\/h3>\n\n\n\n<p><strong>U. Ostermann: \u00bbRobuste Prozesse der AVT unter Ber\u00fccksichtigung von Nachhaltigkeitsaspekten\u00ab<\/strong> <br>Inhalt: Wie stehen Aufbau- und Verbindungstechnologien \u2013 kurz AVT \u2013 im Zusammenhang mit Nachhaltigkeit? Dieser Beitrag widmet sich genau dieser Frage. Dabei werden unter anderem die Maschinen f\u00fcr Schablonendruck, Best\u00fcckung und Reflow vorgestellt, die im Fraunhofer IZM in der Start a Factory (SAF) zum Einsatz kommen.<\/p>\n\n\n\n<p>Dauer: 7 min<br><a href=\"https:\/\/youtu.be\/fswv5r-dlJI\" target=\"_blank\" rel=\"noreferrer noopener\">Link zum Video<\/a><\/p>\n\n\n\n<h3 class=\"wp-block-heading\" style=\"font-style:normal;font-weight:300\">Aufbaumodul<\/h3>\n\n\n\n<p><strong>U. Ostermann: \u00bbRobuste Prozesse der AVT unter Ber\u00fccksichtigung von Nachhaltigkeitsaspekten\u00ab<\/strong> <br>Inhalt: Dieses Seminar bietet einen umfassenden Einblick in die Herausforderungen und L\u00f6sungsans\u00e4tze zur Reduzierung des \u00f6kologischen Fu\u00dfabdrucks bei der Fertigung elektronischer Baugruppen. Verschiedene Strategien werden vorgestellt, um sowohl direkte als auch indirekte Emissionen und Ressourcenverbrauch zu minimieren. Zudem werden die Auswirkungen der Baugruppenfertigung auf den \u00f6kologischen Fu\u00dfabdruck einer Fertigungslinie analysiert und die Erwartungen von Kunden und Auftraggebern hinsichtlich Nachhaltigkeit und Ressourcenschonung er\u00f6rtert. Der Schwerpunkt liegt auf den drei Arbeitsschritten Lotpastendruck, Best\u00fcckung (Pick &amp; Place) und Reflow.<\/p>\n\n\n\n<p>Dauer: 120 min<br><a href=\"https:\/\/youtu.be\/COpbZQLdpiU\" target=\"_blank\" rel=\"noreferrer noopener\">Link zum Video<\/a><\/p>\n\n\n\n<hr class=\"wp-block-separator has-alpha-channel-opacity\"\/>\n\n\n\n<h2 class=\"wp-block-heading\" style=\"font-style:normal;font-weight:300\">Modul <em>\u00bb<\/em>TEC-5\u00ab<\/h2>\n\n\n\n<h3 class=\"wp-block-heading\" style=\"font-style:normal;font-weight:300\">Basismodul<\/h3>\n\n\n\n<p><strong>F. Maisel: \u00bbAllgemeiner \u00dcberblick und gesetzliche Richtlinien\u00ab<\/strong> <br>Inhalt: Batterien sind aus unserem Alltag nicht mehr wegzudenken. Dieser Beitrag bietet einen fundierten \u00dcberblick \u00fcber die Batterietechnik, den Batteriemarkt und die politischen Rahmenbedingungen.<\/p>\n\n\n\n<p>Dauer: 8 min<br><a href=\"https:\/\/youtu.be\/P7KL-j3vn2o\" target=\"_blank\" rel=\"noreferrer noopener\">Link zum Video<\/a><\/p>\n\n\n\n<h3 class=\"wp-block-heading\" style=\"font-style:normal;font-weight:300\">Aufbaumodul 1<\/h3>\n\n\n\n<p><strong>U. Ostermann: \u00bbBatterien Teil 2, Zusammensetzung und Recycling\u00ab<\/strong> <br>Inhalt: Die Batterietechnik ist komplexer, als viele zun\u00e4chst annehmen. Dieses Seminar erl\u00e4utert die chemischen Zusammensetzungen von Batterien, die Herkunft der verwendeten Rohstoffe und die verf\u00fcgbaren Recyclingm\u00f6glichkeiten.<\/p>\n\n\n\n<p>Dauer: 9 min<br><a href=\"https:\/\/youtu.be\/1VmymADDPDM\" target=\"_blank\" rel=\"noreferrer noopener\">Link zum Video<\/a><\/p>\n\n\n\n<h3 class=\"wp-block-heading\" style=\"font-style:normal;font-weight:300\">Aufbaumodul 2<\/h3>\n\n\n\n<p><strong>F. Maisel: \u00bb\u201eBatterien Teil 3: Recycling: Welche Technologien gibt es?\u00ab<\/strong> <br>Inhalt: Batterien sind aus unserem Alltag nicht mehr wegzudenken. Dieser Beitrag bietet einen fundierten \u00dcberblick \u00fcber die Batterietechnik, den Batteriemarkt und die politischen Rahmenbedingungen.<\/p>\n\n\n\n<p>Dauer: 14 min<br><a href=\"https:\/\/youtu.be\/Ld6kT963fs4\" target=\"_blank\" rel=\"noreferrer noopener\">Link zum Video<\/a><\/p>\n\n\n\n<hr class=\"wp-block-separator has-alpha-channel-opacity\"\/>\n\n\n\n<h2 class=\"wp-block-heading\" style=\"font-style:normal;font-weight:300\">Modul <em>\u00bb<\/em>TEC-6\u00ab<\/h2>\n\n\n\n<h3 class=\"wp-block-heading\" style=\"font-style:normal;font-weight:300\">Basismodul<\/h3>\n\n\n\n<p><strong>S. Juole-Richter: \u00bbLFP Batterien Teil 1: \u00dcberblick und Marktprognose\u00ab<\/strong> <br>Inhalt: In diesem Seminar werden die Ergebnisse einer Studie zu Lithium-Eisen-Phosphat (LFP)-Batterien in Deutschland vorgestellt und deren Bedeutung f\u00fcr die Energiewende sowie die damit verbundenen Herausforderungen beleuchtet. Dabei werden die Vor- und Nachteile dieser Batterien er\u00f6rtert und eine stark wachsende Nachfrage, insbesondere im Bereich der Elektrofahrzeuge, prognostiziert. Zudem wird die Weiterentwicklung hin zur LFMP-Chemie, die eine h\u00f6here Energiedichte bietet, thematisiert.<\/p>\n\n\n\n<p>Dauer: 11 min<br><a href=\"https:\/\/youtu.be\/znZAHRTglO8\" target=\"_blank\" rel=\"noreferrer noopener\">Link zum Video<\/a><\/p>\n\n\n\n<h3 class=\"wp-block-heading\" style=\"font-style:normal;font-weight:300\">Aufbaumodul <\/h3>\n\n\n\n<p><strong>S. Juole-Richter: \u00bbLFP Batterien Teil 2: Recycling und Rohstoffgewinnung in Deutschland\u00ab<\/strong> <br>Inhalt: Dieses Seminar bietet einen detaillierten \u00dcberblick \u00fcber die Zukunft des LFP- und LFMP-Batterierecyclings in Deutschland. Es erl\u00e4utert, welche Mengen an Altbatterien in den kommenden Jahrzehnten anfallen werden, welche Recyclingverfahren zur Verf\u00fcgung stehen und wie gut Deutschland darauf vorbereitet ist, diese Batterien im gro\u00dfen Ma\u00dfstab zu recyceln, um kritische und strategische Rohstoffe zur\u00fcckzugewinnen. Zudem werden Prognosen zu den Abfallmengen, den Herausforderungen im Recyclingprozess sowie den aktuellen und zuk\u00fcnftigen Recyclingkapazit\u00e4ten pr\u00e4sentiert. Auch die Bedeutung von Fortschritten in der Recyclingtechnologie wird hervorgehoben, um die R\u00fcckgewinnung wertvoller Materialien wie Lithium und Graphit zu erm\u00f6glichen.<\/p>\n\n\n\n<p>Dauer: 14 min<br><a href=\"https:\/\/youtu.be\/NsM1XdwzxoY\" target=\"_blank\" rel=\"noreferrer noopener\">Link zum Video<\/a><\/p>\n\n\n\n<hr class=\"wp-block-separator has-alpha-channel-opacity\"\/>\n\n\n\n<h2 class=\"wp-block-heading\" style=\"font-style:normal;font-weight:300\">Modul <em>\u00bb<\/em>TEC-7\u00ab<\/h2>\n\n\n\n<h3 class=\"wp-block-heading\" style=\"font-style:normal;font-weight:300\">Basismodul<\/h3>\n\n\n\n<p><strong>H. Walter: \u00bbZusammenhang zwischen Zuverl\u00e4ssigkeit und Nachhaltigkeit\u00ab<\/strong> <br>Inhalt: Wie stehen Zuverl\u00e4ssigkeit und Nachhaltigkeit im Einklang? Dieser Frage widmet sich dieses Video. Ihr erfahrt unter anderem, wie eine Badewannenkurve uns dabei hilft, die Lebensdauer von Produkten besser zu verstehen.<\/p>\n\n\n\n<p>Dauer: 11 min<br><a href=\"https:\/\/youtu.be\/C4jI-ZMqgDQ\" target=\"_blank\" rel=\"noreferrer noopener\">Link zum Video<\/a><\/p>\n\n\n\n<p><\/p>","protected":false},"excerpt":{"rendered":"<p>Wir empfehlen, zuerst das jeweilige Basismodul anzuschauen (falls vorhanden). Modul \u00bbTEC-1\u00ab Basismodul H. Schimanski: \u00bbRessourcenschonende Elektronikproduktion: Grundlagen der L\u00f6tprozesse mit Niedertemperatur-Weichloten\u00abInhalt: Das Niedertemperaturweichl\u00f6ten gewinnt zunehmend an Bedeutung f\u00fcr Energieeinsparungen und die Reduzierung von CO2-Emissionen. In diesem Modul wird ein erster&#8230;<\/p>","protected":false},"author":9,"featured_media":0,"parent":0,"menu_order":0,"comment_status":"closed","ping_status":"closed","template":"","meta":{"_acf_changed":false,"footnotes":""},"class_list":["post-13205","page","type-page","status-publish","hentry"],"acf":[],"yoast_head":"<!-- This site is optimized with the Yoast SEO plugin v27.5 - https:\/\/yoast.com\/product\/yoast-seo-wordpress\/ -->\n<title>Themenfeld TEC: Prozesse\/Technologien\/ Elektronische Komponenten &#8211; Green ICT<\/title>\n<meta name=\"robots\" content=\"index, follow, max-snippet:-1, max-image-preview:large, max-video-preview:-1\" \/>\n<link rel=\"canonical\" href=\"https:\/\/greenict.de\/en\/prozesse-technologien-elektronische-komponenten\/\" \/>\n<script type=\"application\/ld+json\" class=\"yoast-schema-graph\">{\"@context\":\"https:\\\/\\\/schema.org\",\"@graph\":[{\"@type\":\"WebPage\",\"@id\":\"https:\\\/\\\/greenict.de\\\/prozesse-technologien-elektronische-komponenten\\\/\",\"url\":\"https:\\\/\\\/greenict.de\\\/prozesse-technologien-elektronische-komponenten\\\/\",\"name\":\"Themenfeld TEC: Prozesse\\\/Technologien\\\/ Elektronische Komponenten &#8211; Green ICT\",\"isPartOf\":{\"@id\":\"https:\\\/\\\/greenict.de\\\/#website\"},\"datePublished\":\"2025-07-31T12:45:51+00:00\",\"dateModified\":\"2025-07-31T12:49:57+00:00\",\"breadcrumb\":{\"@id\":\"https:\\\/\\\/greenict.de\\\/prozesse-technologien-elektronische-komponenten\\\/#breadcrumb\"},\"inLanguage\":\"en-GB\",\"potentialAction\":[{\"@type\":\"ReadAction\",\"target\":[\"https:\\\/\\\/greenict.de\\\/prozesse-technologien-elektronische-komponenten\\\/\"]}]},{\"@type\":\"BreadcrumbList\",\"@id\":\"https:\\\/\\\/greenict.de\\\/prozesse-technologien-elektronische-komponenten\\\/#breadcrumb\",\"itemListElement\":[{\"@type\":\"ListItem\",\"position\":1,\"name\":\"Startseite\",\"item\":\"https:\\\/\\\/greenict.de\\\/\"},{\"@type\":\"ListItem\",\"position\":2,\"name\":\"Themenfeld TEC: Prozesse\\\/Technologien\\\/ Elektronische Komponenten\"}]},{\"@type\":\"WebSite\",\"@id\":\"https:\\\/\\\/greenict.de\\\/#website\",\"url\":\"https:\\\/\\\/greenict.de\\\/\",\"name\":\"Green ICT\",\"description\":\"Kompetenzzentrum f\u00fcr eine ressourcenbewusste Informations- und Kommunikationstechnik\",\"publisher\":{\"@id\":\"https:\\\/\\\/greenict.de\\\/#organization\"},\"alternateName\":\"Nachhaltige Mikroelektronik\",\"potentialAction\":[{\"@type\":\"SearchAction\",\"target\":{\"@type\":\"EntryPoint\",\"urlTemplate\":\"https:\\\/\\\/greenict.de\\\/?s={search_term_string}\"},\"query-input\":{\"@type\":\"PropertyValueSpecification\",\"valueRequired\":true,\"valueName\":\"search_term_string\"}}],\"inLanguage\":\"en-GB\"},{\"@type\":\"Organization\",\"@id\":\"https:\\\/\\\/greenict.de\\\/#organization\",\"name\":\"Forschungsfabrik Mikroelektronik Deutschland\",\"alternateName\":\"FMD\",\"url\":\"https:\\\/\\\/greenict.de\\\/\",\"logo\":{\"@type\":\"ImageObject\",\"inLanguage\":\"en-GB\",\"@id\":\"https:\\\/\\\/greenict.de\\\/#\\\/schema\\\/logo\\\/image\\\/\",\"url\":\"https:\\\/\\\/greenict.de\\\/wp-content\\\/uploads\\\/2022\\\/11\\\/FMD-Logo_farbe-50-mm.png\",\"contentUrl\":\"https:\\\/\\\/greenict.de\\\/wp-content\\\/uploads\\\/2022\\\/11\\\/FMD-Logo_farbe-50-mm.png\",\"width\":592,\"height\":135,\"caption\":\"Forschungsfabrik Mikroelektronik Deutschland\"},\"image\":{\"@id\":\"https:\\\/\\\/greenict.de\\\/#\\\/schema\\\/logo\\\/image\\\/\"}}]}<\/script>\n<!-- \/ Yoast SEO plugin. -->","yoast_head_json":{"title":"Themenfeld TEC: Prozesse\/Technologien\/ Elektronische Komponenten &#8211; Green ICT","robots":{"index":"index","follow":"follow","max-snippet":"max-snippet:-1","max-image-preview":"max-image-preview:large","max-video-preview":"max-video-preview:-1"},"canonical":"https:\/\/greenict.de\/en\/prozesse-technologien-elektronische-komponenten\/","schema":{"@context":"https:\/\/schema.org","@graph":[{"@type":"WebPage","@id":"https:\/\/greenict.de\/prozesse-technologien-elektronische-komponenten\/","url":"https:\/\/greenict.de\/prozesse-technologien-elektronische-komponenten\/","name":"Themenfeld TEC: Prozesse\/Technologien\/ Elektronische Komponenten &#8211; Green ICT","isPartOf":{"@id":"https:\/\/greenict.de\/#website"},"datePublished":"2025-07-31T12:45:51+00:00","dateModified":"2025-07-31T12:49:57+00:00","breadcrumb":{"@id":"https:\/\/greenict.de\/prozesse-technologien-elektronische-komponenten\/#breadcrumb"},"inLanguage":"en-GB","potentialAction":[{"@type":"ReadAction","target":["https:\/\/greenict.de\/prozesse-technologien-elektronische-komponenten\/"]}]},{"@type":"BreadcrumbList","@id":"https:\/\/greenict.de\/prozesse-technologien-elektronische-komponenten\/#breadcrumb","itemListElement":[{"@type":"ListItem","position":1,"name":"Startseite","item":"https:\/\/greenict.de\/"},{"@type":"ListItem","position":2,"name":"Themenfeld TEC: Prozesse\/Technologien\/ Elektronische Komponenten"}]},{"@type":"WebSite","@id":"https:\/\/greenict.de\/#website","url":"https:\/\/greenict.de\/","name":"Competence center for sustainable IT and communication technology","description":"Competence center for sustainable information and communication technology","publisher":{"@id":"https:\/\/greenict.de\/#organization"},"alternateName":"Nachhaltige Mikroelektronik","potentialAction":[{"@type":"SearchAction","target":{"@type":"EntryPoint","urlTemplate":"https:\/\/greenict.de\/?s={search_term_string}"},"query-input":{"@type":"PropertyValueSpecification","valueRequired":true,"valueName":"search_term_string"}}],"inLanguage":"en-GB"},{"@type":"Organization","@id":"https:\/\/greenict.de\/#organization","name":"Research Fab Microelectronics Germany","alternateName":"FMD","url":"https:\/\/greenict.de\/","logo":{"@type":"ImageObject","inLanguage":"en-GB","@id":"https:\/\/greenict.de\/#\/schema\/logo\/image\/","url":"https:\/\/greenict.de\/wp-content\/uploads\/2022\/11\/FMD-Logo_farbe-50-mm.png","contentUrl":"https:\/\/greenict.de\/wp-content\/uploads\/2022\/11\/FMD-Logo_farbe-50-mm.png","width":592,"height":135,"caption":"Forschungsfabrik Mikroelektronik Deutschland"},"image":{"@id":"https:\/\/greenict.de\/#\/schema\/logo\/image\/"}}]}},"_links":{"self":[{"href":"https:\/\/greenict.de\/en\/wp-json\/wp\/v2\/pages\/13205","targetHints":{"allow":["GET"]}}],"collection":[{"href":"https:\/\/greenict.de\/en\/wp-json\/wp\/v2\/pages"}],"about":[{"href":"https:\/\/greenict.de\/en\/wp-json\/wp\/v2\/types\/page"}],"author":[{"embeddable":true,"href":"https:\/\/greenict.de\/en\/wp-json\/wp\/v2\/users\/9"}],"replies":[{"embeddable":true,"href":"https:\/\/greenict.de\/en\/wp-json\/wp\/v2\/comments?post=13205"}],"version-history":[{"count":3,"href":"https:\/\/greenict.de\/en\/wp-json\/wp\/v2\/pages\/13205\/revisions"}],"predecessor-version":[{"id":13224,"href":"https:\/\/greenict.de\/en\/wp-json\/wp\/v2\/pages\/13205\/revisions\/13224"}],"wp:attachment":[{"href":"https:\/\/greenict.de\/en\/wp-json\/wp\/v2\/media?parent=13205"}],"curies":[{"name":"wp","href":"https:\/\/api.w.org\/{rel}","templated":true}]}}