{"id":13195,"date":"2025-07-31T14:47:11","date_gmt":"2025-07-31T12:47:11","guid":{"rendered":"https:\/\/greenict.de\/?page_id=13195"},"modified":"2025-07-31T14:50:43","modified_gmt":"2025-07-31T12:50:43","slug":"gesetzgebung-zur-forderung-nachhaltiger-elektronik","status":"publish","type":"page","link":"https:\/\/greenict.de\/en\/gesetzgebung-zur-forderung-nachhaltiger-elektronik\/","title":{"rendered":"Themenfeld LAW: Gesetzgebung zur F\u00f6rderung nachhaltiger Elektronik"},"content":{"rendered":"<p>Wir empfehlen, zuerst das jeweilige Basismodul anzuschauen (falls vorhanden).<\/p>\n\n\n\n<h2 class=\"wp-block-heading\" style=\"font-style:normal;font-weight:300\">Modul <em>\u00bb<\/em>LAW-1\u00ab<\/h2>\n\n\n\n<h3 class=\"wp-block-heading\" style=\"font-style:normal;font-weight:300\">Basismodul 1<\/h3>\n\n\n\n<p><strong>\u00bbKurze Einf\u00fchrung EU\u2013Gesetzgebung\u00ab<\/strong><br>Inhalt folgt<\/p>\n\n\n\n<h3 class=\"wp-block-heading\" style=\"font-style:normal;font-weight:300\">Basismodul 2<\/h3>\n\n\n\n<p><strong>O. Deubzer: \u00bbEU-Gesetzgebung \u2013Stoffregulierung durch RoHS und ELV\u00ab<\/strong><br>Inhalt: Zur Gr\u00fcnen Elektronik z\u00e4hlt auch die entsprechende Umweltgesetzgebung. In diesem Video werden die Grundlagen der Stoffregulierung durch RoHS und ELV erkl\u00e4rt. ELV steht f\u00fcr \u201eEnd-of-Life Vehicles\u201c, also Altfahrzeuge, w\u00e4hrend RoHS f\u00fcr \u201eRestriction of Hazardous Substances\u201c steht, was im Deutschen \u201eRichtlinie 2011\/65\/EU zur Beschr\u00e4nkung der Verwendung bestimmter gef\u00e4hrlicher Stoffe in Elektro- und Elektronikger\u00e4ten\u201c bedeutet.<\/p>\n\n\n\n<p>Dauer: 7 min<br><a href=\"https:\/\/www.youtube.com\/watch?v=OC_JL08NAF4&amp;list=PLBalY6aFaHHT6-o_oSyZI-2VwtYP-Bt6m\" target=\"_blank\" rel=\"noreferrer noopener\">Link zum Video<\/a><\/p>\n\n\n\n<h3 class=\"wp-block-heading\" style=\"font-style:normal;font-weight:300\">Basismodul 3<\/h3>\n\n\n\n<p><strong>O. Deubzer: \u00bbEU-Gesetzgebung REACh\u00ab<\/strong><br>Inhalt: Zur Gr\u00fcnen Elektronik geh\u00f6rt auch die relevante Umweltgesetzgebung. In diesem Video werden die Grundlagen der REACH-Verordnung erkl\u00e4rt. REACH steht f\u00fcr \u201eRegistration, Evaluation, Authorisation and Restriction of Chemicals\u201c.<\/p>\n\n\n\n<p>Dauer: 9 min<br><a href=\"https:\/\/www.youtube.com\/watch?v=OC_JL08NAF4&amp;list=PLBalY6aFaHHT6-o_oSyZI-2VwtYP-Bt6m\" target=\"_blank\" rel=\"noreferrer noopener\">Link zum Video<\/a><\/p>\n\n\n\n<h3 class=\"wp-block-heading\" style=\"font-style:normal;font-weight:300\">Basismodul 4<\/h3>\n\n\n\n<p><strong>O. Deubzer: \u00bbEU-Gesetzgebung WEEE\u00ab<\/strong><br>Inhalt folgt<\/p>\n\n\n\n<hr class=\"wp-block-separator has-alpha-channel-opacity\"\/>\n\n\n\n<h2 class=\"wp-block-heading\" style=\"font-style:normal;font-weight:300\">Modul <em>\u00bb<\/em>LAW-2\u00ab<\/h2>\n\n\n\n<h3 class=\"wp-block-heading\" style=\"font-style:normal;font-weight:300\">Basismodul <\/h3>\n\n\n\n<p><strong>E. Poppe: \u00bb\u00d6kodesign Richtlinie\u00ab&nbsp;<\/strong><br>Inhalt: Zur Gr\u00fcnen Elektronik geh\u00f6rt auch die entsprechende Umweltgesetzgebung. In diesem Beitrag wird die \u00d6kodesign-Richtlinie erl\u00e4utert. Der Beitrag beginnt mit den Grundlagen, erkl\u00e4rt, was \u00d6kodesign \u00fcberhaupt ist, wie es in der EU umgesetzt wird, und beleuchtet die Relevanz f\u00fcr Konsument:innen.<\/p>\n\n\n\n<p>Dauer: 7 min <br><a href=\"https:\/\/youtu.be\/3xSmVZ3VGWo?list=PLk-ixsN065wlPhXch5KFzJhmGS4gv-__e\" target=\"_blank\" rel=\"noreferrer noopener\">Link zum Video<\/a><\/p>\n\n\n\n<h3 class=\"wp-block-heading\" style=\"font-style:normal;font-weight:300\">Aufbaumodul <\/h3>\n\n\n\n<p><strong>E. Poppe: \u00bbEcodesign for Sustainable Products Regulation (ESPR<\/strong>)<strong>\u00ab&nbsp;<\/strong><br>Inhalt: Zur Gr\u00fcnen Elektronik geh\u00f6rt auch die relevante Umweltgesetzgebung. In diesem Beitrag werden die neuesten Entwicklungen zur Ecodesign for Sustainable Products Regulation (ESPR) vorgestellt. Es beleuchtet die im Sommer 2024 verabschiedeten \u00c4nderungen und erkl\u00e4rt die Besonderheiten der neuen Regulierung. Zudem werden die Auswirkungen auf die Elektronikbranche aufgezeigt. Ein Muss f\u00fcr alle, die nachhaltige Elektronik verstehen und umsetzen m\u00f6chten!<\/p>\n\n\n\n<p>Dauer: 8 min <br><a href=\"https:\/\/youtu.be\/0N3Vd45KsnU\" target=\"_blank\" rel=\"noreferrer noopener\">Link zum Video<\/a><\/p>\n\n\n\n<hr class=\"wp-block-separator has-alpha-channel-opacity\"\/>\n\n\n\n<h2 class=\"wp-block-heading\" style=\"font-style:normal;font-weight:300\">Modul <em>\u00bb<\/em>LAW-3\u00ab<\/h2>\n\n\n\n<h3 class=\"wp-block-heading\" style=\"font-style:normal;font-weight:300\">Basismodul<\/h3>\n\n\n\n<p><strong>E. Wagner: \u00bbDer digitale Produktpass (DPP)\u00ab&nbsp;<\/strong><br>Inhalt: Zur Gr\u00fcnen Elektronik z\u00e4hlt auch die entsprechende Umweltgesetzgebung. In diesem Beitrag wird die Entwicklung des Digitalen Produktpasses erl\u00e4utert. Dabei werden die Herausforderungen sowie der Fahrplan f\u00fcr die weitere Umsetzung thematisiert.<\/p>\n\n\n\n<p>Dauer: 12 min <br><a href=\"https:\/\/youtu.be\/Sw65SPHY1zo?list=PLk-ixsN065wlPhXch5KFzJhmGS4gv-__e\" target=\"_blank\" rel=\"noreferrer noopener\">Link zum Video<\/a><\/p>\n\n\n\n<p><\/p>","protected":false},"excerpt":{"rendered":"<p>Wir empfehlen, zuerst das jeweilige Basismodul anzuschauen (falls vorhanden). Modul \u00bbLAW-1\u00ab Basismodul 1 \u00bbKurze Einf\u00fchrung EU\u2013Gesetzgebung\u00abInhalt folgt Basismodul 2 O. Deubzer: \u00bbEU-Gesetzgebung \u2013Stoffregulierung durch RoHS und ELV\u00abInhalt: Zur Gr\u00fcnen Elektronik z\u00e4hlt auch die entsprechende Umweltgesetzgebung. In diesem Video werden die&#8230;<\/p>","protected":false},"author":9,"featured_media":0,"parent":0,"menu_order":0,"comment_status":"closed","ping_status":"closed","template":"","meta":{"_acf_changed":false,"footnotes":""},"class_list":["post-13195","page","type-page","status-publish","hentry"],"acf":[],"yoast_head":"<!-- This site is optimized with the Yoast SEO plugin v27.5 - https:\/\/yoast.com\/product\/yoast-seo-wordpress\/ -->\n<title>Themenfeld LAW: Gesetzgebung zur F\u00f6rderung nachhaltiger Elektronik &#8211; Green ICT<\/title>\n<meta name=\"robots\" content=\"index, follow, max-snippet:-1, max-image-preview:large, max-video-preview:-1\" \/>\n<link rel=\"canonical\" href=\"https:\/\/greenict.de\/en\/gesetzgebung-zur-forderung-nachhaltiger-elektronik\/\" \/>\n<script type=\"application\/ld+json\" class=\"yoast-schema-graph\">{\"@context\":\"https:\\\/\\\/schema.org\",\"@graph\":[{\"@type\":\"WebPage\",\"@id\":\"https:\\\/\\\/greenict.de\\\/gesetzgebung-zur-forderung-nachhaltiger-elektronik\\\/\",\"url\":\"https:\\\/\\\/greenict.de\\\/gesetzgebung-zur-forderung-nachhaltiger-elektronik\\\/\",\"name\":\"Themenfeld LAW: Gesetzgebung zur F\u00f6rderung nachhaltiger Elektronik &#8211; Green ICT\",\"isPartOf\":{\"@id\":\"https:\\\/\\\/greenict.de\\\/#website\"},\"datePublished\":\"2025-07-31T12:47:11+00:00\",\"dateModified\":\"2025-07-31T12:50:43+00:00\",\"breadcrumb\":{\"@id\":\"https:\\\/\\\/greenict.de\\\/gesetzgebung-zur-forderung-nachhaltiger-elektronik\\\/#breadcrumb\"},\"inLanguage\":\"en-GB\",\"potentialAction\":[{\"@type\":\"ReadAction\",\"target\":[\"https:\\\/\\\/greenict.de\\\/gesetzgebung-zur-forderung-nachhaltiger-elektronik\\\/\"]}]},{\"@type\":\"BreadcrumbList\",\"@id\":\"https:\\\/\\\/greenict.de\\\/gesetzgebung-zur-forderung-nachhaltiger-elektronik\\\/#breadcrumb\",\"itemListElement\":[{\"@type\":\"ListItem\",\"position\":1,\"name\":\"Startseite\",\"item\":\"https:\\\/\\\/greenict.de\\\/\"},{\"@type\":\"ListItem\",\"position\":2,\"name\":\"Themenfeld LAW: Gesetzgebung zur F\u00f6rderung nachhaltiger Elektronik\"}]},{\"@type\":\"WebSite\",\"@id\":\"https:\\\/\\\/greenict.de\\\/#website\",\"url\":\"https:\\\/\\\/greenict.de\\\/\",\"name\":\"Green ICT\",\"description\":\"Kompetenzzentrum f\u00fcr eine ressourcenbewusste Informations- und Kommunikationstechnik\",\"publisher\":{\"@id\":\"https:\\\/\\\/greenict.de\\\/#organization\"},\"alternateName\":\"Nachhaltige Mikroelektronik\",\"potentialAction\":[{\"@type\":\"SearchAction\",\"target\":{\"@type\":\"EntryPoint\",\"urlTemplate\":\"https:\\\/\\\/greenict.de\\\/?s={search_term_string}\"},\"query-input\":{\"@type\":\"PropertyValueSpecification\",\"valueRequired\":true,\"valueName\":\"search_term_string\"}}],\"inLanguage\":\"en-GB\"},{\"@type\":\"Organization\",\"@id\":\"https:\\\/\\\/greenict.de\\\/#organization\",\"name\":\"Forschungsfabrik Mikroelektronik Deutschland\",\"alternateName\":\"FMD\",\"url\":\"https:\\\/\\\/greenict.de\\\/\",\"logo\":{\"@type\":\"ImageObject\",\"inLanguage\":\"en-GB\",\"@id\":\"https:\\\/\\\/greenict.de\\\/#\\\/schema\\\/logo\\\/image\\\/\",\"url\":\"https:\\\/\\\/greenict.de\\\/wp-content\\\/uploads\\\/2022\\\/11\\\/FMD-Logo_farbe-50-mm.png\",\"contentUrl\":\"https:\\\/\\\/greenict.de\\\/wp-content\\\/uploads\\\/2022\\\/11\\\/FMD-Logo_farbe-50-mm.png\",\"width\":592,\"height\":135,\"caption\":\"Forschungsfabrik Mikroelektronik Deutschland\"},\"image\":{\"@id\":\"https:\\\/\\\/greenict.de\\\/#\\\/schema\\\/logo\\\/image\\\/\"}}]}<\/script>\n<!-- \/ Yoast SEO plugin. -->","yoast_head_json":{"title":"Themenfeld LAW: Gesetzgebung zur F\u00f6rderung nachhaltiger Elektronik &#8211; Green ICT","robots":{"index":"index","follow":"follow","max-snippet":"max-snippet:-1","max-image-preview":"max-image-preview:large","max-video-preview":"max-video-preview:-1"},"canonical":"https:\/\/greenict.de\/en\/gesetzgebung-zur-forderung-nachhaltiger-elektronik\/","schema":{"@context":"https:\/\/schema.org","@graph":[{"@type":"WebPage","@id":"https:\/\/greenict.de\/gesetzgebung-zur-forderung-nachhaltiger-elektronik\/","url":"https:\/\/greenict.de\/gesetzgebung-zur-forderung-nachhaltiger-elektronik\/","name":"Themenfeld LAW: Gesetzgebung zur F\u00f6rderung nachhaltiger Elektronik &#8211; Green ICT","isPartOf":{"@id":"https:\/\/greenict.de\/#website"},"datePublished":"2025-07-31T12:47:11+00:00","dateModified":"2025-07-31T12:50:43+00:00","breadcrumb":{"@id":"https:\/\/greenict.de\/gesetzgebung-zur-forderung-nachhaltiger-elektronik\/#breadcrumb"},"inLanguage":"en-GB","potentialAction":[{"@type":"ReadAction","target":["https:\/\/greenict.de\/gesetzgebung-zur-forderung-nachhaltiger-elektronik\/"]}]},{"@type":"BreadcrumbList","@id":"https:\/\/greenict.de\/gesetzgebung-zur-forderung-nachhaltiger-elektronik\/#breadcrumb","itemListElement":[{"@type":"ListItem","position":1,"name":"Startseite","item":"https:\/\/greenict.de\/"},{"@type":"ListItem","position":2,"name":"Themenfeld LAW: Gesetzgebung zur F\u00f6rderung nachhaltiger Elektronik"}]},{"@type":"WebSite","@id":"https:\/\/greenict.de\/#website","url":"https:\/\/greenict.de\/","name":"Competence center for sustainable IT and communication technology","description":"Competence center for sustainable information and communication technology","publisher":{"@id":"https:\/\/greenict.de\/#organization"},"alternateName":"Nachhaltige Mikroelektronik","potentialAction":[{"@type":"SearchAction","target":{"@type":"EntryPoint","urlTemplate":"https:\/\/greenict.de\/?s={search_term_string}"},"query-input":{"@type":"PropertyValueSpecification","valueRequired":true,"valueName":"search_term_string"}}],"inLanguage":"en-GB"},{"@type":"Organization","@id":"https:\/\/greenict.de\/#organization","name":"Research Fab Microelectronics Germany","alternateName":"FMD","url":"https:\/\/greenict.de\/","logo":{"@type":"ImageObject","inLanguage":"en-GB","@id":"https:\/\/greenict.de\/#\/schema\/logo\/image\/","url":"https:\/\/greenict.de\/wp-content\/uploads\/2022\/11\/FMD-Logo_farbe-50-mm.png","contentUrl":"https:\/\/greenict.de\/wp-content\/uploads\/2022\/11\/FMD-Logo_farbe-50-mm.png","width":592,"height":135,"caption":"Forschungsfabrik Mikroelektronik Deutschland"},"image":{"@id":"https:\/\/greenict.de\/#\/schema\/logo\/image\/"}}]}},"_links":{"self":[{"href":"https:\/\/greenict.de\/en\/wp-json\/wp\/v2\/pages\/13195","targetHints":{"allow":["GET"]}}],"collection":[{"href":"https:\/\/greenict.de\/en\/wp-json\/wp\/v2\/pages"}],"about":[{"href":"https:\/\/greenict.de\/en\/wp-json\/wp\/v2\/types\/page"}],"author":[{"embeddable":true,"href":"https:\/\/greenict.de\/en\/wp-json\/wp\/v2\/users\/9"}],"replies":[{"embeddable":true,"href":"https:\/\/greenict.de\/en\/wp-json\/wp\/v2\/comments?post=13195"}],"version-history":[{"count":6,"href":"https:\/\/greenict.de\/en\/wp-json\/wp\/v2\/pages\/13195\/revisions"}],"predecessor-version":[{"id":13233,"href":"https:\/\/greenict.de\/en\/wp-json\/wp\/v2\/pages\/13195\/revisions\/13233"}],"wp:attachment":[{"href":"https:\/\/greenict.de\/en\/wp-json\/wp\/v2\/media?parent=13195"}],"curies":[{"name":"wp","href":"https:\/\/api.w.org\/{rel}","templated":true}]}}